{"id":38025,"date":"2026-03-05T17:32:06","date_gmt":"2026-03-05T15:32:06","guid":{"rendered":"https:\/\/alleegalerii.ee\/?post_type=product&#038;p=38025"},"modified":"2026-03-09T20:07:06","modified_gmt":"2026-03-09T18:07:06","slug":"peeter-allik-usumehed-1996","status":"publish","type":"product","link":"https:\/\/alleegalerii.ee\/en\/shop\/peeter-allik-usumehed-1996\/","title":{"rendered":"Peeter Allik &#8220;Usumehed&#8221;, 1996"},"content":{"rendered":"","protected":false},"excerpt":{"rendered":"<p>\u00d5li, akru\u0308u\u0308l papil. Raamitud.<\/p>\n<p>M\u00f5\u00f5dud: 120 x 214 cm.<\/p>\n<p>All vasakul: Peeter Allik 1996<\/p>\n<p>Kursi koolkonna \u00fche asutaja, Peeter Allikuga (1966-2019) k\u00e4isid must huumor ja s\u00f5lmev\u00e4\u00e4natud absurd alati kaasas, nii elus kui kunstis. Millal nutta v\u00f5i naerda, oli tema teoste p\u00f5hik\u00fcsimus. Alliku maalid on alati sotsiaalsed ning t\u00e4henduslik on iga p\u00f6\u00f6rane kujund, iga pildielement. Tal on alati midagi \u00f6elda. Otto Dixi ja George Groszi ekspressiivne maailmatunnetus elab uues originaalses kuues Peeter Alliku loomingus edasi. Kuid siit kajab vastu ka traditsioon, kuhu kuuluvad n\u00e4iteks Francisco de Goya, James Ensor, teataval m\u00e4\u00e4ral samuti Ervin \u00d5unapuu: koos l\u00e4bi lillede ja otse \u00fctlemine, mitmem\u00f5ttelisus, igap\u00e4evaelu (selle sisse mahub ka parteide\u00a0\u00a0poliitika) s\u00fcrrealistlik k\u00e4sitlus, unen\u00e4od tegelikkuse teenistuses.<\/p>\n<p>Teos on eksponeeritud Peeter Alliku 60. s\u00fcnniaastap\u00e4evale p\u00fchendatud n\u00e4itusel Allee galeriis 5.03-1.04.2026<\/p>\n<p>&nbsp;<\/p>\n","protected":false},"featured_media":38028,"template":"","meta":{"_acf_changed":false},"product_brand":[],"product_cat":[415,56,57,59,96],"product_tag":[60],"class_list":{"0":"post-38025","1":"product","2":"type-product","3":"status-publish","4":"has-post-thumbnail","6":"product_cat-maal","7":"product_cat-olimaal","8":"product_cat-muudud","9":"product_cat-e-pood","10":"product_cat-akruul","11":"product_tag-e-pood","13":"first","14":"outofstock","15":"sold-individually","16":"shipping-taxable","17":"purchasable","18":"product-type-simple"},"acf":[],"_links":{"self":[{"href":"https:\/\/alleegalerii.ee\/en\/wp-json\/wp\/v2\/product\/38025","targetHints":{"allow":["GET"]}}],"collection":[{"href":"https:\/\/alleegalerii.ee\/en\/wp-json\/wp\/v2\/product"}],"about":[{"href":"https:\/\/alleegalerii.ee\/en\/wp-json\/wp\/v2\/types\/product"}],"wp:featuredmedia":[{"embeddable":true,"href":"https:\/\/alleegalerii.ee\/en\/wp-json\/wp\/v2\/media\/38028"}],"wp:attachment":[{"href":"https:\/\/alleegalerii.ee\/en\/wp-json\/wp\/v2\/media?parent=38025"}],"wp:term":[{"taxonomy":"product_brand","embeddable":true,"href":"https:\/\/alleegalerii.ee\/en\/wp-json\/wp\/v2\/product_brand?post=38025"},{"taxonomy":"product_cat","embeddable":true,"href":"https:\/\/alleegalerii.ee\/en\/wp-json\/wp\/v2\/product_cat?post=38025"},{"taxonomy":"product_tag","embeddable":true,"href":"https:\/\/alleegalerii.ee\/en\/wp-json\/wp\/v2\/product_tag?post=38025"}],"curies":[{"name":"wp","href":"https:\/\/api.w.org\/{rel}","templated":true}]}}