{"id":37388,"date":"2025-12-12T13:41:36","date_gmt":"2025-12-12T11:41:36","guid":{"rendered":"https:\/\/alleegalerii.ee\/?post_type=product&#038;p=37388"},"modified":"2025-12-19T22:31:04","modified_gmt":"2025-12-19T20:31:04","slug":"enn-poldroos-topeltkorv-1994","status":"publish","type":"product","link":"https:\/\/alleegalerii.ee\/en\/shop\/enn-poldroos-topeltkorv-1994\/","title":{"rendered":"Enn P\u00f5ldroos &#8220;Topeltk\u00f5rv&#8221;, 1994"},"content":{"rendered":"","protected":false},"excerpt":{"rendered":"<p>Akr\u00fc\u00fcl masoniidil.<\/p>\n<p>M\u00f5\u00f5dud: 69 x 54 cm.<\/p>\n<p>P\u00f6\u00f6rdel sildil: ENN P\u00d5LDROOS TALLINN &#8220;TOPELTK\u00d5RV&#8221; DOUBLE EAR Akr\u00fc\u00fcl Acrylic 1994. Autori signeering<\/p>\n<p>Enn P\u00f5ldroos (1933-2025) on eesti maali- ja monumentaalkunsti suurkuju. Defineerides kunstis ennast alati maalijana, kulges tema karj\u00e4\u00e4r algusest peale tunnustuse t\u00e4he all. Kunstiinstituudi l\u00f5petamise j\u00e4rel (1958) p\u00e4lvis ta j\u00e4rgneva k\u00fcmnendi algul t\u00e4helepanu ekspressiivse vormiuuendajana, \u00fchiskonnaelus ja kunstis toimuvate murranguliste protsesside tunnetaja ja kontseptualiseerijana. Maneristlik dramatism, s\u00fcrrealism, abstraktsionism, popkunst, fotorealism, fovistlik salongiportree aitasid P\u00f5ldroosil kokku sulatada talle ainuomase maalilise kujutusviisi, mida v\u00f5ib tinglikult vaadelda modernismi kontekstis. Renato Gutusoli kohtub P\u00f5ldroosi maalidel Kees van Dongeniga, eepiline haare puhta v\u00e4rvir\u00f5\u00f5muga, erootiline kujundlikkus geomeetriliste vormidega.<\/p>\n<p>1970. aastatest s\u00fcveneb kunstniku t\u00f6\u00f6des eneseirooniline ja groteski kalduv hoiak ning ps\u00fchhologism, samas esitab P\u00f5ldroosi pildis\u00fcsteem kuni l\u00f5puni v\u00e4lja olulisi, maalikunstile igavikulisi k\u00fcsimusi v\u00e4rvist, koloriidist, kompositsioonist, olemise ideaalkujutusest mitmet\u00e4henduslike s\u00fcmbolite keeles. Erilist t\u00e4helepanu p\u00f6\u00f6rab ta figuurile, sh selle \u00fcksikutele elementidele &#8211; nii ka teosel &#8220;Topeltk\u00f5rv&#8221;.<\/p>\n<p>Teos on eksponeeritud Enn P\u00f5ldroosi teoste n\u00e4itusel &#8220;Mees ja naine &#8211; p\u00e4rleid erakogudest&#8221; Allee galeriis 12.12.2025-7.02.2026.<\/p>\n","protected":false},"featured_media":37391,"template":"","meta":{"_acf_changed":false},"product_brand":[],"product_cat":[415,57,59,96],"product_tag":[60],"class_list":{"0":"post-37388","1":"product","2":"type-product","3":"status-publish","4":"has-post-thumbnail","6":"product_cat-maal","7":"product_cat-muudud","8":"product_cat-e-pood","9":"product_cat-akruul","10":"product_tag-e-pood","12":"first","13":"outofstock","14":"sold-individually","15":"shipping-taxable","16":"purchasable","17":"product-type-simple"},"acf":[],"_links":{"self":[{"href":"https:\/\/alleegalerii.ee\/en\/wp-json\/wp\/v2\/product\/37388","targetHints":{"allow":["GET"]}}],"collection":[{"href":"https:\/\/alleegalerii.ee\/en\/wp-json\/wp\/v2\/product"}],"about":[{"href":"https:\/\/alleegalerii.ee\/en\/wp-json\/wp\/v2\/types\/product"}],"wp:featuredmedia":[{"embeddable":true,"href":"https:\/\/alleegalerii.ee\/en\/wp-json\/wp\/v2\/media\/37391"}],"wp:attachment":[{"href":"https:\/\/alleegalerii.ee\/en\/wp-json\/wp\/v2\/media?parent=37388"}],"wp:term":[{"taxonomy":"product_brand","embeddable":true,"href":"https:\/\/alleegalerii.ee\/en\/wp-json\/wp\/v2\/product_brand?post=37388"},{"taxonomy":"product_cat","embeddable":true,"href":"https:\/\/alleegalerii.ee\/en\/wp-json\/wp\/v2\/product_cat?post=37388"},{"taxonomy":"product_tag","embeddable":true,"href":"https:\/\/alleegalerii.ee\/en\/wp-json\/wp\/v2\/product_tag?post=37388"}],"curies":[{"name":"wp","href":"https:\/\/api.w.org\/{rel}","templated":true}]}}