{"id":2578,"date":"2021-03-31T18:06:02","date_gmt":"2021-03-31T16:06:02","guid":{"rendered":"https:\/\/alleegalerii.ee\/?post_type=product&#038;p=2578"},"modified":"2023-11-14T22:07:23","modified_gmt":"2023-11-14T20:07:23","slug":"evi-tihemets-sadamas-1963","status":"publish","type":"product","link":"https:\/\/alleegalerii.ee\/en\/shop\/evi-tihemets-sadamas-1963\/","title":{"rendered":"Evi Tihemets &#8220;Sadamas&#8221;, 1963"},"content":{"rendered":"","protected":false},"excerpt":{"rendered":"<p>V\u00e4rviline lito. Raamitud.<\/p>\n<p>M\u00f5\u00f5dud 64 x 49 cm (koos raamiga 70 x 84)<\/p>\n<p>Kunstnik Evi Tihemets (s. 1932) oli \u00fcks esimesi, kes 1960. aastatel t\u00f5i eesti graafikasse j\u00e4rjekindlalt ja tulemusrikkalt v\u00e4rvi kui \u00fche olulise v\u00e4ljendusvahendi. 2013. aastal m\u00e4\u00e4rati Tihemetsale v\u00f5imsa, 80. s\u00fcnnip\u00e4evale p\u00fchendatud seitsme isikun\u00e4ituse eest Kristjan Raua preemia.<\/p>\n","protected":false},"featured_media":2581,"template":"","meta":{"_acf_changed":false},"product_brand":[],"product_cat":[61,59],"product_tag":[60],"class_list":{"0":"post-2578","1":"product","2":"type-product","3":"status-publish","4":"has-post-thumbnail","6":"product_cat-graafika","7":"product_cat-e-pood","8":"product_tag-e-pood","10":"first","11":"instock","12":"shipping-taxable","13":"purchasable","14":"product-type-simple"},"acf":[],"_links":{"self":[{"href":"https:\/\/alleegalerii.ee\/en\/wp-json\/wp\/v2\/product\/2578","targetHints":{"allow":["GET"]}}],"collection":[{"href":"https:\/\/alleegalerii.ee\/en\/wp-json\/wp\/v2\/product"}],"about":[{"href":"https:\/\/alleegalerii.ee\/en\/wp-json\/wp\/v2\/types\/product"}],"wp:featuredmedia":[{"embeddable":true,"href":"https:\/\/alleegalerii.ee\/en\/wp-json\/wp\/v2\/media\/2581"}],"wp:attachment":[{"href":"https:\/\/alleegalerii.ee\/en\/wp-json\/wp\/v2\/media?parent=2578"}],"wp:term":[{"taxonomy":"product_brand","embeddable":true,"href":"https:\/\/alleegalerii.ee\/en\/wp-json\/wp\/v2\/product_brand?post=2578"},{"taxonomy":"product_cat","embeddable":true,"href":"https:\/\/alleegalerii.ee\/en\/wp-json\/wp\/v2\/product_cat?post=2578"},{"taxonomy":"product_tag","embeddable":true,"href":"https:\/\/alleegalerii.ee\/en\/wp-json\/wp\/v2\/product_tag?post=2578"}],"curies":[{"name":"wp","href":"https:\/\/api.w.org\/{rel}","templated":true}]}}