{"id":15358,"date":"2024-02-22T14:14:50","date_gmt":"2024-02-22T12:14:50","guid":{"rendered":"https:\/\/alleegalerii.ee\/?post_type=product&#038;p=15358"},"modified":"2025-03-06T12:43:19","modified_gmt":"2025-03-06T10:43:19","slug":"peeter-must-vaade-eiffelile-view-of-the-eiffel-tower-2023","status":"publish","type":"product","link":"https:\/\/alleegalerii.ee\/en\/shop\/peeter-must-vaade-eiffelile-view-of-the-eiffel-tower-2023\/","title":{"rendered":"Peeter Must &#8220;Vaade Eiffelile \/ View of the Eiffel Tower&#8221;, 2023"},"content":{"rendered":"","protected":false},"excerpt":{"rendered":"<p>\u00d5li l\u00f5uend. Raamitud.<\/p>\n<p>M\u00f5\u00f5dud: 50 x 50 cm.<\/p>\n<p>All vasakul: Must 2023<\/p>\n<p>Peeter Must on l\u00f5petanud Eesti Kunstiakadeemia keraamikuna, ent on oma t\u00f5elise kutsumuse leidnud maalis. Oman\u00e4olise, selgelt \u00e4ratuntava k\u00e4ekirjaga Musta looming keskendub oma perfektse kompositsiooni otsingul v\u00e4rvile ning valguse ja varju vastandamisele.<\/p>\n<p>Teosel &#8220;Vaade Eiffelile&#8221; on viitest Pariisi \u00fchele suurimale vaatamisv\u00e4\u00e4rsusele hoolimata kunstnik kuulsat torni kujutanud vaid vilksamisi. Pigem huvitavad teda seda \u00fcmbritsevad inimesed, nende \u017eestid ja emotsioonid &#8211; just need oli Musta peamiseks inspiratsiooniallikaks n\u00e4itust &#8220;Jalutusk\u00e4igud Pariisis&#8221; luues. Eelmainitud n\u00e4itusel oli eksponeeritud ka k\u00e4esolev teos (Allee galeriis, veebruar-m\u00e4rts 2024, kuraator Harry Liivrand).<\/p>\n<p>&nbsp;<\/p>\n","protected":false},"featured_media":15382,"template":"","meta":{"_acf_changed":false},"product_brand":[],"product_cat":[415,56,59],"product_tag":[60],"class_list":{"0":"post-15358","1":"product","2":"type-product","3":"status-publish","4":"has-post-thumbnail","6":"product_cat-maal","7":"product_cat-olimaal","8":"product_cat-e-pood","9":"product_tag-e-pood","11":"first","12":"outofstock","13":"sold-individually","14":"shipping-taxable","15":"product-type-simple"},"acf":[],"_links":{"self":[{"href":"https:\/\/alleegalerii.ee\/en\/wp-json\/wp\/v2\/product\/15358","targetHints":{"allow":["GET"]}}],"collection":[{"href":"https:\/\/alleegalerii.ee\/en\/wp-json\/wp\/v2\/product"}],"about":[{"href":"https:\/\/alleegalerii.ee\/en\/wp-json\/wp\/v2\/types\/product"}],"wp:featuredmedia":[{"embeddable":true,"href":"https:\/\/alleegalerii.ee\/en\/wp-json\/wp\/v2\/media\/15382"}],"wp:attachment":[{"href":"https:\/\/alleegalerii.ee\/en\/wp-json\/wp\/v2\/media?parent=15358"}],"wp:term":[{"taxonomy":"product_brand","embeddable":true,"href":"https:\/\/alleegalerii.ee\/en\/wp-json\/wp\/v2\/product_brand?post=15358"},{"taxonomy":"product_cat","embeddable":true,"href":"https:\/\/alleegalerii.ee\/en\/wp-json\/wp\/v2\/product_cat?post=15358"},{"taxonomy":"product_tag","embeddable":true,"href":"https:\/\/alleegalerii.ee\/en\/wp-json\/wp\/v2\/product_tag?post=15358"}],"curies":[{"name":"wp","href":"https:\/\/api.w.org\/{rel}","templated":true}]}}