{"id":12868,"date":"2023-09-16T16:03:48","date_gmt":"2023-09-16T13:03:48","guid":{"rendered":"https:\/\/alleegalerii.ee\/?post_type=product&#038;p=12868"},"modified":"2024-01-27T13:03:42","modified_gmt":"2024-01-27T11:03:42","slug":"eduard-wiiralt-seltskond-1928","status":"publish","type":"product","link":"https:\/\/alleegalerii.ee\/en\/shop\/eduard-wiiralt-seltskond-1928\/","title":{"rendered":"Eduard Wiiralt &#8220;Seltskond&#8221;, 1928"},"content":{"rendered":"","protected":false},"excerpt":{"rendered":"<p>M\u00dc\u00dcDUD<\/p>\n<p>Ofort paberil. Raamitud.<\/p>\n<p>M\u00f5\u00f5dud: Plm 26,1 x 31,5 cm, raamiga 58 x 63 cm.<\/p>\n<p>P\u00f6\u00f6rdel: Rootsi komitee kinnitus<\/p>\n<p>Eduard Wiiralti (1898-1954) tormilisemal ning s\u00e4ravamal loomeperioodil valminud \u201eSeltskond\u201c on teos, mis ideelt ja teostuselt kujutas sissejuhatust tema \u00fcheks ikoonilisemaks teoseks kujunenud \u201eP\u00f5rgule\u201c. Teose juurte juurde tagasitulek, \u00fcmberm\u00f5testamine oli Wiiraltile \u00fcsna loomuomane ning k\u00f5neleb tema p\u00f5hjalikust loojanatuurist. Nii on toona Pariisis resideerunud\u00a0 Wiiralt sellele t\u00f6\u00f6le andnud erinevaid prantsuskeelseid nimesid<em>: \u201cLes clochards\u201d, \u201cDelirium tremens\u201d<\/em>, kuid l\u00f5puks pidama j\u00e4\u00e4nud eestikeelse \u201cSeltskonna\u201d juurde.<\/p>\n<p>Teos iseloomustab h\u00e4sti tema \u201etormi ja tungi\u201c perioodi, mil Wiiralti looming sisaldas rohkelt m\u00e4nge meeleliste pahede \u00fcmber. Plangu varju kogunenud t\u00fc\u00fcbid moodustavad sarkastilis-n\u00e4gemusliku l\u00e4bil\u00f5ike \u00fchiskonnast, mille joobumusest on haaratud ka plangu k\u00fcljes rippuv kass.<\/p>\n<p>Teos kuulub Eesti Kunstimuuseumi kogusse ning on reprodutseeritud Mai Levini koostatud raamatus \u201eEduard Wiiralt\u201c,\u00a0 lk 100 (Eesti Kunstimuuseum, Tallinn 2015).<\/p>\n","protected":false},"featured_media":12872,"template":"","meta":{"_acf_changed":false},"product_brand":[],"product_cat":[61,57,59],"product_tag":[60],"class_list":{"0":"post-12868","1":"product","2":"type-product","3":"status-publish","4":"has-post-thumbnail","6":"product_cat-graafika","7":"product_cat-muudud","8":"product_cat-e-pood","9":"product_tag-e-pood","11":"first","12":"outofstock","13":"sold-individually","14":"shipping-taxable","15":"product-type-simple"},"acf":[],"_links":{"self":[{"href":"https:\/\/alleegalerii.ee\/en\/wp-json\/wp\/v2\/product\/12868","targetHints":{"allow":["GET"]}}],"collection":[{"href":"https:\/\/alleegalerii.ee\/en\/wp-json\/wp\/v2\/product"}],"about":[{"href":"https:\/\/alleegalerii.ee\/en\/wp-json\/wp\/v2\/types\/product"}],"wp:featuredmedia":[{"embeddable":true,"href":"https:\/\/alleegalerii.ee\/en\/wp-json\/wp\/v2\/media\/12872"}],"wp:attachment":[{"href":"https:\/\/alleegalerii.ee\/en\/wp-json\/wp\/v2\/media?parent=12868"}],"wp:term":[{"taxonomy":"product_brand","embeddable":true,"href":"https:\/\/alleegalerii.ee\/en\/wp-json\/wp\/v2\/product_brand?post=12868"},{"taxonomy":"product_cat","embeddable":true,"href":"https:\/\/alleegalerii.ee\/en\/wp-json\/wp\/v2\/product_cat?post=12868"},{"taxonomy":"product_tag","embeddable":true,"href":"https:\/\/alleegalerii.ee\/en\/wp-json\/wp\/v2\/product_tag?post=12868"}],"curies":[{"name":"wp","href":"https:\/\/api.w.org\/{rel}","templated":true}]}}