{"id":12485,"date":"2023-06-08T10:57:04","date_gmt":"2023-06-08T07:57:04","guid":{"rendered":"https:\/\/alleegalerii.ee\/?post_type=product&#038;p=12485"},"modified":"2024-01-27T12:55:56","modified_gmt":"2024-01-27T10:55:56","slug":"avo-paistik-daam-kuulikesega-1992","status":"publish","type":"product","link":"https:\/\/alleegalerii.ee\/en\/shop\/avo-paistik-daam-kuulikesega-1992\/","title":{"rendered":"Avo Paistik &#8220;Daam kuulikesega&#8221;, 1992"},"content":{"rendered":"","protected":false},"excerpt":{"rendered":"<div class=\"wpb_wrapper is_stuck\">\n<div class=\"wpb_text_column wpb_content_element\">\n<div class=\"wpb_wrapper\">\n<p>M\u00dc\u00dcDUD<\/p>\n<p>\u00d5li l\u00f5uendil. Raamitud.<\/p>\n<p>M\u00f5\u00f5dud: 40 x 50 cm<br \/>\nAll paremal: Avo Paistik 92<br \/>\nP\u00f6\u00f6rdel: -DAAM KUULIKESEGA- \u00d5LI 40 X 50. AVO Paistik 10. juuli 92 kell 02.16<\/p>\n<p>Ennast \u201cKlaabu\u201d tegelaskuju l\u00e4bi igavesti eesti rahva s\u00fcdamesse joonistanud Avo Paistiku k\u00f5rgperiood maalijana oli 1990. aastail. Tema loomebiograafiat arvestades oleks ta v\u00f5inud sinna j\u00f5uda juba 1970.-1980. aastail, kuid toona l\u00e4ks kogu tema energia peamiselt filmide ja karikatuuride tegelemisele ning hilisemas elus p\u00fchendus mees juba pastorit\u00f6\u00f6le.<\/p>\n<p>Paistik armastab m\u00e4ngida veidrustega, kalambuuriga, visuaalsete naljadega \u2013 teemad, mis k\u00f5ik koonduva \u00fcheks pulseerivaks kompositsiooniks k\u00e4esolevas teoses. Kasutades puhtaid, segamata v\u00e4rve, loob ta vormide suhetel p\u00f5hineva poolabstraktse teose, mille pealkiri parodeerib T\u0161ehhovi kuulsat jutustust \u201cDaam koerakesega\u201d.<\/p>\n<\/div>\n<\/div>\n<\/div>\n","protected":false},"featured_media":10985,"template":"","meta":{"_acf_changed":false},"product_brand":[],"product_cat":[415,56,57,59],"product_tag":[60],"class_list":{"0":"post-12485","1":"product","2":"type-product","3":"status-publish","4":"has-post-thumbnail","6":"product_cat-maal","7":"product_cat-olimaal","8":"product_cat-muudud","9":"product_cat-e-pood","10":"product_tag-e-pood","12":"first","13":"outofstock","14":"shipping-taxable","15":"purchasable","16":"product-type-simple"},"acf":[],"_links":{"self":[{"href":"https:\/\/alleegalerii.ee\/en\/wp-json\/wp\/v2\/product\/12485","targetHints":{"allow":["GET"]}}],"collection":[{"href":"https:\/\/alleegalerii.ee\/en\/wp-json\/wp\/v2\/product"}],"about":[{"href":"https:\/\/alleegalerii.ee\/en\/wp-json\/wp\/v2\/types\/product"}],"wp:featuredmedia":[{"embeddable":true,"href":"https:\/\/alleegalerii.ee\/en\/wp-json\/wp\/v2\/media\/10985"}],"wp:attachment":[{"href":"https:\/\/alleegalerii.ee\/en\/wp-json\/wp\/v2\/media?parent=12485"}],"wp:term":[{"taxonomy":"product_brand","embeddable":true,"href":"https:\/\/alleegalerii.ee\/en\/wp-json\/wp\/v2\/product_brand?post=12485"},{"taxonomy":"product_cat","embeddable":true,"href":"https:\/\/alleegalerii.ee\/en\/wp-json\/wp\/v2\/product_cat?post=12485"},{"taxonomy":"product_tag","embeddable":true,"href":"https:\/\/alleegalerii.ee\/en\/wp-json\/wp\/v2\/product_tag?post=12485"}],"curies":[{"name":"wp","href":"https:\/\/api.w.org\/{rel}","templated":true}]}}