{"id":7095,"date":"2022-04-21T08:20:25","date_gmt":"2022-04-21T05:20:25","guid":{"rendered":"https:\/\/alleegalerii.ee\/?post_type=portfolio&#038;p=7095"},"modified":"2022-05-08T10:10:24","modified_gmt":"2022-05-08T07:10:24","slug":"elmar-kits-lembit-saartsi-portree-1970-26-x-225-cm","status":"publish","type":"portfolio","link":"https:\/\/alleegalerii.ee\/en\/art-auctions\/elmar-kits-lembit-saartsi-portree-1970-26-x-225-cm\/","title":{"rendered":"Elmar Kits &#8220;Lembit Saartsi portree&#8221;, 1970. 26 x 22,5 cm."},"content":{"rendered":"<div class=\"wpb-content-wrapper\"><p>[vc_row equal_height=&#8221;yes&#8221; mobile_bg_img_hidden=&#8221;no&#8221; tablet_bg_img_hidden=&#8221;no&#8221; woodmart_parallax=&#8221;0&#8243; woodmart_gradient_switch=&#8221;no&#8221; row_reverse_mobile=&#8221;0&#8243; row_reverse_tablet=&#8221;0&#8243; woodmart_disable_overflow=&#8221;0&#8243;][vc_column width=&#8221;2\/3&#8243;][vc_single_image image=&#8221;7096&#8243; img_size=&#8221;full&#8221; woodmart_inline=&#8221;no&#8221; parallax_scroll=&#8221;no&#8221;][vc_single_image image=&#8221;7097&#8243; img_size=&#8221;full&#8221; woodmart_inline=&#8221;no&#8221; parallax_scroll=&#8221;no&#8221;][vc_single_image image=&#8221;7099&#8243; img_size=&#8221;full&#8221; woodmart_inline=&#8221;no&#8221; parallax_scroll=&#8221;no&#8221;][vc_single_image image=&#8221;7101&#8243; img_size=&#8221;full&#8221; woodmart_inline=&#8221;no&#8221; parallax_scroll=&#8221;no&#8221;][vc_single_image image=&#8221;7102&#8243; img_size=&#8221;full&#8221; woodmart_inline=&#8221;no&#8221; parallax_scroll=&#8221;no&#8221;][vc_single_image image=&#8221;7098&#8243; img_size=&#8221;full&#8221; woodmart_inline=&#8221;no&#8221; parallax_scroll=&#8221;no&#8221;][\/vc_column][vc_column width=&#8221;1\/3&#8243; mobile_bg_img_hidden=&#8221;no&#8221; tablet_bg_img_hidden=&#8221;no&#8221; woodmart_parallax=&#8221;0&#8243; woodmart_sticky_column=&#8221;true&#8221; parallax_scroll=&#8221;no&#8221; mobile_reset_margin=&#8221;no&#8221; tablet_reset_margin=&#8221;no&#8221;][vc_column_text text_larger=&#8221;yes&#8221; css=&#8221;.vc_custom_1650286136663{margin-bottom: 0px !important;}&#8221; woodmart_inline=&#8221;no&#8221;]<\/p>\n<h2 style=\"font-size: 35px;\">Elmar Kits &#8220;Lembit Saartsi portree&#8221;<\/h2>\n<p>[\/vc_column_text][vc_custom_heading text=&#8221;KEVADOKSJON 2022<\/p>\n<p>Tempera. 1970.&#8221; font_container=&#8221;tag:h5|text_align:left&#8221; use_theme_fonts=&#8221;yes&#8221;][vc_column_text text_larger=&#8221;no&#8221;][\/vc_column_text][vc_column_text text_larger=&#8221;no&#8221; woodmart_inline=&#8221;no&#8221;]<\/p>\n<table>\n<tbody>\n<tr>\n<th>M\u00f5\u00f5dud<\/th>\n<td style=\"text-align: right;\">\u00a0 26 x 22,5 cm<\/td>\n<\/tr>\n<tr>\n<th>Alghind<\/th>\n<td style=\"text-align: right;\">2800 \u00a0EUR<\/td>\n<\/tr>\n<\/tbody>\n<\/table>\n<p>[\/vc_column_text][vc_column_text text_larger=&#8221;no&#8221; woodmart_inline=&#8221;no&#8221;]Pallase 1939. aastal l\u00f5petanud Elmar Kitse (1913-1972) peeti oma lennu k\u00f5ige andekamaks l\u00f5petajaks. Tema varase loomingu m\u00e4rkimisv\u00e4\u00e4rseimateks m\u00f5jutajateks v\u00f5ib pidada Aleksander Vardit ning samuti 1939. aastal Tallinnas toimunud prantsuse kunsti n\u00e4itust, millel esitletud Picasso, Matisse\u00b4i, Bonnardi ja teiste tippmeistrite teosed temasse s\u00fcgava j\u00e4lje j\u00e4tsid. Nii p\u00f5imusid tema loomingus teatav picassolik abstraktsionism ja pallaslik maalitraditsioon. Suure muusikas\u00f5brana v\u00f5is tema kunstis m\u00e4rgata isegi teatud d\u017e\u00e4ssilikkust, mis oli improviseeriv, elujaatav ja vaba \u2013 seda eriti 1950. aastate teisest poolest alates.<\/p>\n<p>1966- 67. aastail \u00fcllatas Kits Tartus ja Tallinnas avatud n\u00e4itustel t\u00e4iesti uue kvaliteediga avanenud loominguga. V\u00f5imude jaoks liigse uuendusmeelsuse t\u00f5ttu sai k\u00fcll Tallinnas avatud n\u00e4itus avatud olla vaid 8 p\u00e4eva, kuid see oli piisav, et kunstikriitikud ja publik seda olulist s\u00fcndmust m\u00e4rkaksid ning kiitust jagus ohtralt. Nii nimetati tema v\u00e4ikeseid temperamaale lausa s\u00e4delevateks kalliskivideks, milles on tunda tohutult andeka koloristi k\u00e4tt (\u201eElmar Kitse fenomen\u201c, Tartu, 1994. Lk 24).<\/p>\n<p>Tartu kunstnik Lembit Saarts kohtus oma tulevase maali\u00f5petajaga 1943. aastal Pallases ning kuigi n\u00f5ukogude v\u00f5imu tulekul viidi Saarts vangilaagrisse, j\u00e4id omavahelised kontaktid alles. Hiljem taas Tartus kohtudes valmis Kitsel s\u00f5brast poolabstraktne portree, millel n\u00e4eme ehtkitselikku koloriiti ning originaalset loojanatuuri. Kahe loomeisiksuse natuuri \u00fchendav teos omab seega ka tugevat kultuuriajaloolist v\u00e4\u00e4rtust.[\/vc_column_text][\/vc_column][\/vc_row]<\/p>\n<\/div>","protected":false},"excerpt":{"rendered":"<p>[vc_row equal_height=&#8221;yes&#8221; mobile_bg_img_hidden=&#8221;no&#8221; tablet_bg_img_hidden=&#8221;no&#8221; woodmart_parallax=&#8221;0&#8243; woodmart_gradient_switch=&#8221;no&#8221; row_reverse_mobile=&#8221;0&#8243; row_reverse_tablet=&#8221;0&#8243; woodmart_disable_overflow=&#8221;0&#8243;][vc_column width=&#8221;2\/3&#8243;][vc_single_image image=&#8221;7096&#8243; img_size=&#8221;full&#8221; woodmart_inline=&#8221;no&#8221; parallax_scroll=&#8221;no&#8221;][vc_single_image image=&#8221;7097&#8243; img_size=&#8221;full&#8221; woodmart_inline=&#8221;no&#8221; parallax_scroll=&#8221;no&#8221;][vc_single_image image=&#8221;7099&#8243; img_size=&#8221;full&#8221;<\/p>\n","protected":false},"featured_media":7096,"menu_order":1729,"comment_status":"closed","ping_status":"closed","template":"","project-cat":[72],"class_list":["post-7095","portfolio","type-portfolio","status-publish","has-post-thumbnail","hentry","project-cat-kevadoksjon-2022"],"acf":[],"_links":{"self":[{"href":"https:\/\/alleegalerii.ee\/en\/wp-json\/wp\/v2\/portfolio\/7095","targetHints":{"allow":["GET"]}}],"collection":[{"href":"https:\/\/alleegalerii.ee\/en\/wp-json\/wp\/v2\/portfolio"}],"about":[{"href":"https:\/\/alleegalerii.ee\/en\/wp-json\/wp\/v2\/types\/portfolio"}],"replies":[{"embeddable":true,"href":"https:\/\/alleegalerii.ee\/en\/wp-json\/wp\/v2\/comments?post=7095"}],"wp:featuredmedia":[{"embeddable":true,"href":"https:\/\/alleegalerii.ee\/en\/wp-json\/wp\/v2\/media\/7096"}],"wp:attachment":[{"href":"https:\/\/alleegalerii.ee\/en\/wp-json\/wp\/v2\/media?parent=7095"}],"wp:term":[{"taxonomy":"project-cat","embeddable":true,"href":"https:\/\/alleegalerii.ee\/en\/wp-json\/wp\/v2\/project-cat?post=7095"}],"curies":[{"name":"wp","href":"https:\/\/api.w.org\/{rel}","templated":true}]}}