{"id":3895,"date":"2021-10-01T16:50:51","date_gmt":"2021-10-01T13:50:51","guid":{"rendered":"https:\/\/alleegalerii.ee\/?post_type=portfolio&#038;p=3895"},"modified":"2022-02-07T10:53:08","modified_gmt":"2022-02-07T08:53:08","slug":"raul-meel-sarjast-aknad-ja-maastikud-1990","status":"publish","type":"portfolio","link":"https:\/\/alleegalerii.ee\/en\/art-auctions\/raul-meel-sarjast-aknad-ja-maastikud-1990\/","title":{"rendered":"Raul Meel, sarjast &#8220;Aknad ja maastikud&#8221;, 1990. Lm 160 x 89 cm."},"content":{"rendered":"<div class=\"wpb-content-wrapper\"><p>[vc_row equal_height=&#8221;yes&#8221; mobile_bg_img_hidden=&#8221;no&#8221; tablet_bg_img_hidden=&#8221;no&#8221; woodmart_parallax=&#8221;0&#8243; woodmart_gradient_switch=&#8221;no&#8221; row_reverse_mobile=&#8221;0&#8243; row_reverse_tablet=&#8221;0&#8243; woodmart_disable_overflow=&#8221;0&#8243;][vc_column width=&#8221;2\/3&#8243;][vc_single_image image=&#8221;3891&#8243; img_size=&#8221;full&#8221; woodmart_inline=&#8221;no&#8221; parallax_scroll=&#8221;no&#8221;][vc_single_image image=&#8221;3892&#8243; img_size=&#8221;full&#8221; woodmart_inline=&#8221;no&#8221; parallax_scroll=&#8221;no&#8221;][vc_single_image image=&#8221;3893&#8243; img_size=&#8221;full&#8221; woodmart_inline=&#8221;no&#8221; parallax_scroll=&#8221;no&#8221;][\/vc_column][vc_column width=&#8221;1\/3&#8243; mobile_bg_img_hidden=&#8221;no&#8221; tablet_bg_img_hidden=&#8221;no&#8221; woodmart_parallax=&#8221;0&#8243; woodmart_sticky_column=&#8221;true&#8221; parallax_scroll=&#8221;no&#8221; mobile_reset_margin=&#8221;no&#8221; tablet_reset_margin=&#8221;no&#8221;][vc_column_text text_larger=&#8221;yes&#8221; css=&#8221;.vc_custom_1633096126392{margin-bottom: 0px !important;}&#8221; woodmart_inline=&#8221;no&#8221;]<\/p>\n<h2 style=\"font-size: 35px;\">Raul Meel, sarjast &#8220;Aknad ja maastikud&#8221;<\/h2>\n<p>[\/vc_column_text][vc_custom_heading text=&#8221;GRAAFIKAOKSJON 2021<\/p>\n<p>Serigraafia, 1990.<br \/>\nAll vasakul: 28\/55<br \/>\nAll paremal: Meel 90&#8243; font_container=&#8221;tag:h5|text_align:left&#8221; use_theme_fonts=&#8221;yes&#8221;][vc_column_text text_larger=&#8221;no&#8221;][\/vc_column_text][vc_column_text text_larger=&#8221;no&#8221; woodmart_inline=&#8221;no&#8221;]<\/p>\n<table>\n<tbody>\n<tr>\n<th>M\u00f5\u00f5dud<\/th>\n<td style=\"text-align: right;\">Lm 160 x 90 cm<\/td>\n<\/tr>\n<tr>\n<th>Alghind<\/th>\n<td style=\"text-align: right;\">\u00a01200 EUR<\/td>\n<\/tr>\n<\/tbody>\n<\/table>\n<p>[\/vc_column_text][vc_column_text text_larger=&#8221;no&#8221; woodmart_inline=&#8221;no&#8221;]<\/p>\n<table>\n<tbody>\n<tr>\n<th>Pakkumisi<\/th>\n<td style=\"text-align: right;\">1<\/td>\n<\/tr>\n<tr>\n<th>Haamrihind<\/th>\n<td style=\"text-align: right;\">\u00a01200 EUR<\/td>\n<\/tr>\n<\/tbody>\n<\/table>\n<p>[\/vc_column_text][vc_column_text text_larger=&#8221;no&#8221; woodmart_inline=&#8221;no&#8221;]Raul Meel on eesti kunsti \u00fcks p\u00f5nevamaid figuure. Ta \u00f5ppis Tallinna Tehnika\u00fclikoolis elektriinseneriks ning taoline tehniline vaade kunstile on tema loomingut tunduvalt m\u00f5jutanud. L\u00e4\u00e4ne kunstituulte m\u00f5judel sai temast 1970-ndatel tuntuim neoavangardi esindaja, kelle loomingukeeleks oli minimalism.<\/p>\n<p>Idee alustada \u201eAknad ja maastikud\u201c sarja, kuhu ka k\u00e4esoleva suureformaadiline teos kuulub, sai alguse 1985. aastal. Kunstiteadlane ja -kriitik Harry Liivrand on \u00f6elnud, et sellest sarjast saab kunstniku loomingu v\u00e4ljapaistvamaid teoseid nii kujundi tabavuse kui s\u00f5numi k\u00f5lavuselt. Trellitatud akna ning Eesti kontuurkaardil p\u00f5hinev sari p\u00e4lvis oma s\u00fcmboolse t\u00e4henduse t\u00f5ttu ka rahvusvahelist t\u00e4helepanu ning t\u00e4nap\u00e4eval on Meele t\u00f6\u00f6d esindatud maailma mitmetes esindusgaleriides.[\/vc_column_text][\/vc_column][\/vc_row]<\/p>\n<\/div>","protected":false},"excerpt":{"rendered":"<p>[vc_row equal_height=&#8221;yes&#8221; mobile_bg_img_hidden=&#8221;no&#8221; tablet_bg_img_hidden=&#8221;no&#8221; woodmart_parallax=&#8221;0&#8243; woodmart_gradient_switch=&#8221;no&#8221; row_reverse_mobile=&#8221;0&#8243; row_reverse_tablet=&#8221;0&#8243; woodmart_disable_overflow=&#8221;0&#8243;][vc_column width=&#8221;2\/3&#8243;][vc_single_image image=&#8221;3891&#8243; img_size=&#8221;full&#8221; woodmart_inline=&#8221;no&#8221; parallax_scroll=&#8221;no&#8221;][vc_single_image image=&#8221;3892&#8243; img_size=&#8221;full&#8221; woodmart_inline=&#8221;no&#8221; parallax_scroll=&#8221;no&#8221;][vc_single_image image=&#8221;3893&#8243; img_size=&#8221;full&#8221;<\/p>\n","protected":false},"featured_media":3891,"menu_order":1939,"comment_status":"closed","ping_status":"closed","template":"","project-cat":[71],"class_list":["post-3895","portfolio","type-portfolio","status-publish","has-post-thumbnail","hentry","project-cat-graafikaoksjon-2021"],"acf":[],"_links":{"self":[{"href":"https:\/\/alleegalerii.ee\/en\/wp-json\/wp\/v2\/portfolio\/3895","targetHints":{"allow":["GET"]}}],"collection":[{"href":"https:\/\/alleegalerii.ee\/en\/wp-json\/wp\/v2\/portfolio"}],"about":[{"href":"https:\/\/alleegalerii.ee\/en\/wp-json\/wp\/v2\/types\/portfolio"}],"replies":[{"embeddable":true,"href":"https:\/\/alleegalerii.ee\/en\/wp-json\/wp\/v2\/comments?post=3895"}],"wp:featuredmedia":[{"embeddable":true,"href":"https:\/\/alleegalerii.ee\/en\/wp-json\/wp\/v2\/media\/3891"}],"wp:attachment":[{"href":"https:\/\/alleegalerii.ee\/en\/wp-json\/wp\/v2\/media?parent=3895"}],"wp:term":[{"taxonomy":"project-cat","embeddable":true,"href":"https:\/\/alleegalerii.ee\/en\/wp-json\/wp\/v2\/project-cat?post=3895"}],"curies":[{"name":"wp","href":"https:\/\/api.w.org\/{rel}","templated":true}]}}