{"id":36052,"date":"2025-10-18T14:39:19","date_gmt":"2025-10-18T11:39:19","guid":{"rendered":"https:\/\/alleegalerii.ee\/?post_type=portfolio&#038;p=36052"},"modified":"2025-12-18T14:27:09","modified_gmt":"2025-12-18T12:27:09","slug":"priidu-aavik-paev-sadamas","status":"publish","type":"portfolio","link":"https:\/\/alleegalerii.ee\/en\/art-auctions\/priidu-aavik-paev-sadamas\/","title":{"rendered":"Priidu Aavik &#8220;P\u00e4ev sadamas&#8221;"},"content":{"rendered":"<div class=\"wpb-content-wrapper\"><p>[vc_row][vc_column][vc_column_text css=&#8221;&#8221; woodmart_inline=&#8221;no&#8221; text_larger=&#8221;no&#8221;]<\/p>\n<h5>\u00d5li papil. 1960ndad.<\/h5>\n<p><span style=\"font-weight: 400;\">Priidu Aavik (1905-1991), kes oli ka ise kirglik meremees, tundis h\u00e4sti nii merd ennast kui selle \u00e4\u00e4res elava rannarahva igap\u00e4evaelu. T\u00f6\u00f6tades 1960ndatel kalalaeval, kujutas ta selle t\u00f6\u00f6 telgitagust elu otse ja varjamata, samas j\u00e4ttes sellesse mereeluga kokkuk\u00e4ivat poeesiat.\u00a0<\/span><\/p>\n<p><span style=\"font-weight: 400;\">Iga kalap\u00fc\u00fcgist vaba hetke kasutas visandamiseks ja maalimiseks, selgitades: \u201cKunst \u00f5petab eelk\u00f5ige m\u00f5tlema, natuurist olemust n\u00e4gema ja siis l\u00f5puks ka tabama. Kui kunstnikul on alus k\u00e4es, v\u00f5ib ta teha \u00fcksk\u00f5ik mida, valesti teha siis ei saagi, \u00fcksnes isikup\u00e4raselt.\u201d Kord, olles k\u00fclma ja tuulise ilmaga 3 tundi j\u00e4rjest v\u00e4ljas maalinud, kopsup\u00f5letikku j\u00e4\u00e4des kirjutas ta: \u201cInimene peab end mugavusest lahti raputama, raskusi trotsima\u201d, tervenedes aga teatas r\u00f5\u00f5msalt: \u201cma sain s e l l e merepinna!\u201d<\/span><\/p>\n<p><span style=\"font-weight: 400;\">1960ndatel maalis Aavik nii Norras kui Eestis Pranglil. Suure t\u00f5en\u00e4osusega on ka k\u00e4esolev teos just viimasest inspireeritud. Maali maal\u00e4hedased toonid annavad edasi ranna ja mere jahedust, ekspressiivne maalilaad j\u00e4rgib t\u00e4pselt nii vormi kui tuulte teekonda. Maali tsentris olev latern poolitab maali ja suunab pilgu helendava avaruse poole, kus hallide ja \u00f5rnlillade pilvemassiivide vahelt kumab helesinine taevas maheda kollasega. Just see viimane k\u00f5lab omamoodi kokkuv\u00f5ttena tema elufilosoofiast, kus ta karmi kalurielu nimetab m\u00f6\u00f6dunud elu ilusaimateks loomingup\u00e4evadeks.<\/span><\/p>\n<p style=\"text-align: right;\"><span style=\"font-weight: 400;\">Tekst: Eneli Luiga<\/span><\/p>\n<p>[\/vc_column_text][\/vc_column][\/vc_row]<\/p>\n<\/div>","protected":false},"excerpt":{"rendered":"<p>[vc_row][vc_column][vc_column_text css=&#8221;&#8221; woodmart_inline=&#8221;no&#8221; text_larger=&#8221;no&#8221;] \u00d5li papil. 1960ndad. Priidu Aavik (1905-1991), kes oli ka ise kirglik meremees, tundis h\u00e4sti nii merd<\/p>\n","protected":false},"featured_media":36053,"menu_order":373,"comment_status":"closed","ping_status":"closed","template":"","project-cat":[382],"class_list":["post-36052","portfolio","type-portfolio","status-publish","has-post-thumbnail","hentry","project-cat-sugisoksjon-2025"],"acf":[],"_links":{"self":[{"href":"https:\/\/alleegalerii.ee\/en\/wp-json\/wp\/v2\/portfolio\/36052","targetHints":{"allow":["GET"]}}],"collection":[{"href":"https:\/\/alleegalerii.ee\/en\/wp-json\/wp\/v2\/portfolio"}],"about":[{"href":"https:\/\/alleegalerii.ee\/en\/wp-json\/wp\/v2\/types\/portfolio"}],"replies":[{"embeddable":true,"href":"https:\/\/alleegalerii.ee\/en\/wp-json\/wp\/v2\/comments?post=36052"}],"wp:featuredmedia":[{"embeddable":true,"href":"https:\/\/alleegalerii.ee\/en\/wp-json\/wp\/v2\/media\/36053"}],"wp:attachment":[{"href":"https:\/\/alleegalerii.ee\/en\/wp-json\/wp\/v2\/media?parent=36052"}],"wp:term":[{"taxonomy":"project-cat","embeddable":true,"href":"https:\/\/alleegalerii.ee\/en\/wp-json\/wp\/v2\/project-cat?post=36052"}],"curies":[{"name":"wp","href":"https:\/\/api.w.org\/{rel}","templated":true}]}}