{"id":35517,"date":"2025-10-16T15:22:44","date_gmt":"2025-10-16T12:22:44","guid":{"rendered":"https:\/\/alleegalerii.ee\/?post_type=portfolio&#038;p=35517"},"modified":"2025-12-10T14:17:15","modified_gmt":"2025-12-10T12:17:15","slug":"oskar-obst-kuuvalgel-ool","status":"publish","type":"portfolio","link":"https:\/\/alleegalerii.ee\/en\/art-auctions\/oskar-obst-kuuvalgel-ool\/","title":{"rendered":"Oskar Obst &#8220;Kuuvalgel \u00f6\u00f6l&#8221;"},"content":{"rendered":"<div class=\"wpb-content-wrapper\"><p>[vc_row][vc_column][vc_column_text css=&#8221;&#8221; woodmart_inline=&#8221;no&#8221; text_larger=&#8221;no&#8221;]<\/p>\n<h5>\u00d5li l\u00f5uendil. 1920.<br \/>\nAll paremal: O. Obst. 1920.<\/h5>\n<p style=\"text-align: right;\"><span style=\"font-weight: 400;\">\u201cNii s\u00e4rav ja kerge, nii s\u00fcgav<\/span><span style=\"font-weight: 400;\"><br \/>\n<\/span><span style=\"font-weight: 400;\">ja mahe on rahunend meel.<\/span><\/p>\n<p style=\"text-align: right;\"><span style=\"font-weight: 400;\">Ma tantsisin taevas ja tules,<\/span><span style=\"font-weight: 400;\"><br \/>\n<\/span><span style=\"font-weight: 400;\">ma tuikusin tumedal veel.\u201d<\/span><\/p>\n<p style=\"text-align: right;\"><span style=\"font-weight: 400;\">Katkend Doris Kareva luuletusest \u201cNii s\u00e4rav ja kerge, nii s\u00fcgav\u201d<\/span><\/p>\n<p><span style=\"font-weight: 400;\">Ants Laikmaa k\u00e4e all \u00f5ppinud Oskar-Henrich Obst (1883 \u2013 1945) maalis valdavalt Eesti maastikumotiive impressionistlikust vaba\u00f5humaalist m\u00f5jutatud loodusl\u00e4hedases laadis. Tema s\u00e4ilinud teoste arv on v\u00e4ike ja seet\u00f5ttu on j\u00e4rjekordse teose kunstis\u00f5prade ette sattumine suureks r\u00f5\u00f5muks.\u00a0<\/span><\/p>\n<p><span style=\"font-weight: 400;\">K\u00e4esoleva suureformaadilise maali valmimise aastal osales Obst baltisaksa kunstnike n\u00e4itusel Pikal t\u00e4naval Tallinnas, v\u00f5imalik, et sel v\u00f5is osaleda ka \u201cKuuvalgel \u00f6\u00f6l\u201d. Meri oli \u00fcks Obsti lemmikmotiive, mida ta armastas kujutada t\u00e4idlastes, s\u00fcgavates v\u00e4rvitoonides. Eriliselt v\u00f5imsana ilmnesid need just loojangu- ja \u00f6\u00f6valguses ja nii on tema maalidelgi kujutatud enamasti just seda aega. N\u00f5uab meistri k\u00e4tt, et \u00fchel teosel veenvalt edasi anda nii \u00f6\u00f6h\u00e4maruses pea \u00fchte sulanud metsaviiru s\u00fcgavust kui samaaegset merepinnal erksate valgusvihkudena tantsisklevat \u00f5rna lainetust.<\/span><\/p>\n<p style=\"text-align: right;\"><span style=\"font-weight: 400;\">Tekst: Katre Palm<\/span><\/p>\n<p>[\/vc_column_text][\/vc_column][\/vc_row]<\/p>\n<\/div>","protected":false},"excerpt":{"rendered":"<p>[vc_row][vc_column][vc_column_text css=&#8221;&#8221; woodmart_inline=&#8221;no&#8221; text_larger=&#8221;no&#8221;] \u00d5li l\u00f5uendil. 1920. All paremal: O. Obst. 1920. \u201cNii s\u00e4rav ja kerge, nii s\u00fcgav ja mahe<\/p>\n","protected":false},"featured_media":35533,"menu_order":278,"comment_status":"closed","ping_status":"closed","template":"","project-cat":[382],"class_list":["post-35517","portfolio","type-portfolio","status-publish","has-post-thumbnail","hentry","project-cat-sugisoksjon-2025"],"acf":[],"_links":{"self":[{"href":"https:\/\/alleegalerii.ee\/en\/wp-json\/wp\/v2\/portfolio\/35517","targetHints":{"allow":["GET"]}}],"collection":[{"href":"https:\/\/alleegalerii.ee\/en\/wp-json\/wp\/v2\/portfolio"}],"about":[{"href":"https:\/\/alleegalerii.ee\/en\/wp-json\/wp\/v2\/types\/portfolio"}],"replies":[{"embeddable":true,"href":"https:\/\/alleegalerii.ee\/en\/wp-json\/wp\/v2\/comments?post=35517"}],"wp:featuredmedia":[{"embeddable":true,"href":"https:\/\/alleegalerii.ee\/en\/wp-json\/wp\/v2\/media\/35533"}],"wp:attachment":[{"href":"https:\/\/alleegalerii.ee\/en\/wp-json\/wp\/v2\/media?parent=35517"}],"wp:term":[{"taxonomy":"project-cat","embeddable":true,"href":"https:\/\/alleegalerii.ee\/en\/wp-json\/wp\/v2\/project-cat?post=35517"}],"curies":[{"name":"wp","href":"https:\/\/api.w.org\/{rel}","templated":true}]}}