{"id":35386,"date":"2025-10-18T22:50:11","date_gmt":"2025-10-18T19:50:11","guid":{"rendered":"https:\/\/alleegalerii.ee\/?post_type=portfolio&#038;p=35386"},"modified":"2025-12-18T15:32:32","modified_gmt":"2025-12-18T13:32:32","slug":"arville-pustrom-uus-varahommik-rannakulas","status":"publish","type":"portfolio","link":"https:\/\/alleegalerii.ee\/en\/art-auctions\/arville-pustrom-uus-varahommik-rannakulas\/","title":{"rendered":"Arville Pustr\u00f6m-Uus &#8220;Varahommik rannak\u00fclas&#8221;"},"content":{"rendered":"<div class=\"wpb-content-wrapper\"><p>[vc_row][vc_column][vc_column_text css=&#8221;&#8221; woodmart_inline=&#8221;no&#8221; text_larger=&#8221;no&#8221;]<\/p>\n<h5>\u00d5li l\u00f5uend kleebitud papile.<br \/>\nAll paremal: A. Pustr\u00f6m-Uus<\/h5>\n<p style=\"text-align: right;\"><i><span style=\"font-weight: 400;\">\u201cP\u00e4evat\u00f5usu helepunased purjed,<\/span><\/i><i><span style=\"font-weight: 400;\"><br \/>\n<\/span><\/i><i><span style=\"font-weight: 400;\">merem\u00fcha karesinine kangas<\/span><\/i><i><span style=\"font-weight: 400;\"><br \/>\n<\/span><\/i><i><span style=\"font-weight: 400;\">kesktaevast rannaliivani.<\/span><\/i><i><span style=\"font-weight: 400;\"><br \/>\n<\/span><\/i><i><span style=\"font-weight: 400;\">Ja liival kibuvitste kohal<\/span><\/i><i><span style=\"font-weight: 400;\"><br \/>\n<\/span><\/i><i><span style=\"font-weight: 400;\">esimese mesilaselennu kullatolm.\u201d<\/span><\/i><\/p>\n<p style=\"text-align: right;\"><span style=\"font-weight: 400;\">Katkend Jaan Krossi luuletusest \u201cKahek\u00fcmnekolmesed\u201d<\/span><\/p>\n<p><span style=\"font-weight: 400;\">Tallinnast p\u00e4rit Arville Pustr\u00f6m-Uus (1921-2014) kasvas \u00fcles mererannikul, Meriv\u00e4ljal. Kuigi ka tema oli \u00fcks neist, kelle silmad peale 1944. aastat enam Eestimaad ei n\u00e4inud, j\u00e4id siinsed vaated alatiseks tema loomingus edasi k\u00f5lama.\u00a0<\/span><\/p>\n<p><span style=\"font-weight: 400;\">Teoses \u201cVarahommik rannak\u00fclas\u201d m\u00e4rkame kunstniku Pallase \u00f5ppej\u00f5u Juhan N\u00f5mmiku peene pintslikirja m\u00f5jutusi, ent v\u00e4rvigammas Pustr\u00f6m-Uuele iseloomulikku soojust. Romantiliselt nostalgiline alatoon l\u00e4bis kogu kunstniku loomingut, m\u00f5nikord viitasid sellele kodu\u00f5uel m\u00e4ngivad lapsed v\u00f5i askeldav perenaine, vahel Eestimaale nii omased rehealused, k\u00e4esoleval teosel aga esiplaanile maalitud purre merele minekut ootavate paatide jaoks.<\/span><\/p>\n<p style=\"text-align: right;\"><span style=\"font-weight: 400;\">Tekst: Katre Palm<\/span><\/p>\n<p>[\/vc_column_text][\/vc_column][\/vc_row]<\/p>\n<\/div>","protected":false},"excerpt":{"rendered":"<p>[vc_row][vc_column][vc_column_text css=&#8221;&#8221; woodmart_inline=&#8221;no&#8221; text_larger=&#8221;no&#8221;] \u00d5li l\u00f5uend kleebitud papile. All paremal: A. Pustr\u00f6m-Uus \u201cP\u00e4evat\u00f5usu helepunased purjed, merem\u00fcha karesinine kangas kesktaevast rannaliivani.<\/p>\n","protected":false},"featured_media":35418,"menu_order":393,"comment_status":"closed","ping_status":"closed","template":"","project-cat":[382],"class_list":["post-35386","portfolio","type-portfolio","status-publish","has-post-thumbnail","hentry","project-cat-sugisoksjon-2025"],"acf":[],"_links":{"self":[{"href":"https:\/\/alleegalerii.ee\/en\/wp-json\/wp\/v2\/portfolio\/35386","targetHints":{"allow":["GET"]}}],"collection":[{"href":"https:\/\/alleegalerii.ee\/en\/wp-json\/wp\/v2\/portfolio"}],"about":[{"href":"https:\/\/alleegalerii.ee\/en\/wp-json\/wp\/v2\/types\/portfolio"}],"replies":[{"embeddable":true,"href":"https:\/\/alleegalerii.ee\/en\/wp-json\/wp\/v2\/comments?post=35386"}],"wp:featuredmedia":[{"embeddable":true,"href":"https:\/\/alleegalerii.ee\/en\/wp-json\/wp\/v2\/media\/35418"}],"wp:attachment":[{"href":"https:\/\/alleegalerii.ee\/en\/wp-json\/wp\/v2\/media?parent=35386"}],"wp:term":[{"taxonomy":"project-cat","embeddable":true,"href":"https:\/\/alleegalerii.ee\/en\/wp-json\/wp\/v2\/project-cat?post=35386"}],"curies":[{"name":"wp","href":"https:\/\/api.w.org\/{rel}","templated":true}]}}