{"id":35355,"date":"2025-10-18T14:03:12","date_gmt":"2025-10-18T11:03:12","guid":{"rendered":"https:\/\/alleegalerii.ee\/?post_type=portfolio&#038;p=35355"},"modified":"2025-12-17T17:18:57","modified_gmt":"2025-12-17T15:18:57","slug":"joann-saarniit-uksildus","status":"publish","type":"portfolio","link":"https:\/\/alleegalerii.ee\/en\/art-auctions\/joann-saarniit-uksildus\/","title":{"rendered":"Joann Saarniit &#8220;\u00dcksildus&#8221;"},"content":{"rendered":"<div class=\"wpb-content-wrapper\"><p>[vc_row][vc_column][vc_column_text css=&#8221;&#8221; woodmart_inline=&#8221;no&#8221; text_larger=&#8221;no&#8221;]<\/p>\n<h5>\u00d5li masoniidil. 1981.<br \/>\nAll paremal: Saarniit P\u00f6\u00f6rdel: Joann Saarniit &#8220;\u00dcksildus&#8221; 1981.<\/h5>\n<p style=\"text-align: right;\"><i><span style=\"font-weight: 400;\">Karm ja karge,<\/span><\/i><i><span style=\"font-weight: 400;\"><br \/>\n<\/span><\/i><i><span style=\"font-weight: 400;\">\u00fcksi ja kaugel,<\/span><\/i><i><span style=\"font-weight: 400;\"><br \/>\n<\/span><\/i><i><span style=\"font-weight: 400;\">kuid j\u00f5ud ei rauge.<\/span><\/i><\/p>\n<p style=\"text-align: right;\"><i><span style=\"font-weight: 400;\">Sest juured on maas<\/span><\/i><i><span style=\"font-weight: 400;\"><br \/>\n<\/span><\/i><i><span style=\"font-weight: 400;\">ja oksad taltsutavad tuulte tallermaad.<\/span><\/i><i><span style=\"font-weight: 400;\"><br \/>\n<\/span><\/i><i><span style=\"font-weight: 400;\">Uued v\u00f5rsedki on teel,<\/span><\/i><i><span style=\"font-weight: 400;\"><br \/>\n<\/span><\/i><i><span style=\"font-weight: 400;\">et kaua kestaksime veel.<\/span><\/i><\/p>\n<p><span style=\"font-weight: 400;\">Midagi sarnast v\u00f5is m\u00f5elda ka Joann Saarniit (1909-1984), kes selle emotsionaalse teose loomise ajal oli juba \u00fcle 30 aasta elanud ja t\u00f6\u00f6tanud Kanadas, kuhu ta oli j\u00f5udnud peale s\u00f5jas\u00fcndmustest tingitud elukeeriseid 1948. aastal. Oli ju just Saarniit, <\/span><span style=\"font-weight: 400;\">August Janseni ja Kristjan Raua k\u00e4e all kunstihariduse saanud<\/span><span style=\"font-weight: 400;\"> mees, Kanadas \u00fcks eestluse \u00fclevalhoidjaid ja sealse eesti kunstielu eestvedajaid.<\/span><\/p>\n<p><span style=\"font-weight: 400;\">Esmapilgul monokroomset teost l\u00e4hemalt vaadates hakkab silma sootuks laiem v\u00e4rvipalett. Juba \u00fcksnes puut\u00fcvi ja selle jalamil olev lumi n\u00e4itavad kunstniku n\u00fcansseeritud v\u00e4rvitaju ning s\u00fcgavaid tonaalseid varjundeid. Seet\u00f5ttu v\u00f5ime ka selles loodusj\u00f5udude stiihiale avatud karges maastikus n\u00e4ha v\u00f5\u00f5rsile j\u00e4\u00e4nud inimeste koduigatsust ja elujanu.<\/span><\/p>\n<p style=\"text-align: right;\"><span style=\"font-weight: 400;\">Tekst: Regina Mets<\/span><\/p>\n<p>[\/vc_column_text][\/vc_column][\/vc_row]<\/p>\n<\/div>","protected":false},"excerpt":{"rendered":"<p>[vc_row][vc_column][vc_column_text css=&#8221;&#8221; woodmart_inline=&#8221;no&#8221; text_larger=&#8221;no&#8221;] \u00d5li masoniidil. 1981. All paremal: Saarniit P\u00f6\u00f6rdel: Joann Saarniit &#8220;\u00dcksildus&#8221; 1981. Karm ja karge, \u00fcksi ja<\/p>\n","protected":false},"featured_media":35383,"menu_order":366,"comment_status":"closed","ping_status":"closed","template":"","project-cat":[382],"class_list":["post-35355","portfolio","type-portfolio","status-publish","has-post-thumbnail","hentry","project-cat-sugisoksjon-2025"],"acf":[],"_links":{"self":[{"href":"https:\/\/alleegalerii.ee\/en\/wp-json\/wp\/v2\/portfolio\/35355","targetHints":{"allow":["GET"]}}],"collection":[{"href":"https:\/\/alleegalerii.ee\/en\/wp-json\/wp\/v2\/portfolio"}],"about":[{"href":"https:\/\/alleegalerii.ee\/en\/wp-json\/wp\/v2\/types\/portfolio"}],"replies":[{"embeddable":true,"href":"https:\/\/alleegalerii.ee\/en\/wp-json\/wp\/v2\/comments?post=35355"}],"wp:featuredmedia":[{"embeddable":true,"href":"https:\/\/alleegalerii.ee\/en\/wp-json\/wp\/v2\/media\/35383"}],"wp:attachment":[{"href":"https:\/\/alleegalerii.ee\/en\/wp-json\/wp\/v2\/media?parent=35355"}],"wp:term":[{"taxonomy":"project-cat","embeddable":true,"href":"https:\/\/alleegalerii.ee\/en\/wp-json\/wp\/v2\/project-cat?post=35355"}],"curies":[{"name":"wp","href":"https:\/\/api.w.org\/{rel}","templated":true}]}}