{"id":35278,"date":"2025-10-18T13:03:47","date_gmt":"2025-10-18T10:03:47","guid":{"rendered":"https:\/\/alleegalerii.ee\/?post_type=portfolio&#038;p=35278"},"modified":"2025-12-17T16:40:01","modified_gmt":"2025-12-17T14:40:01","slug":"vaino-paris-tagalaht-saaremaa","status":"publish","type":"portfolio","link":"https:\/\/alleegalerii.ee\/en\/art-auctions\/vaino-paris-tagalaht-saaremaa\/","title":{"rendered":"V\u00e4ino Paris &#8220;Tagalaht&#8221; (Saaremaa)"},"content":{"rendered":"<div class=\"wpb-content-wrapper\"><p>[vc_row][vc_column][vc_column_text css=&#8221;&#8221; woodmart_inline=&#8221;no&#8221; text_larger=&#8221;no&#8221;]<\/p>\n<h5>\u00d5li, tempera kartongil. 1968.<br \/>\nAll vasakul: V. Paris 68<br \/>\nP\u00f6\u00f6rdel: Saaremaa &#8220;Tagalaht&#8221; V\u00e4ino Paris 1968 \u00d5li, tempera<\/h5>\n<p style=\"text-align: right;\"><span style=\"font-weight: 400;\">\u201cTargad rahnud on lillakashalli \u00fcminat t\u00e4is.<\/span><span style=\"font-weight: 400;\"><br \/>\n<\/span><span style=\"font-weight: 400;\">Julged m\u00e4nnit\u00fcved on helerohelist laulu t\u00e4is.<\/span><span style=\"font-weight: 400;\"><br \/>\n<\/span><span style=\"font-weight: 400;\">V\u00e4simatu rohi on tedremunakirjut sosinat t\u00e4is.\u201d<\/span><\/p>\n<p style=\"text-align: right;\"><span style=\"font-weight: 400;\">Katkend Jaan Krossi luuletusest \u201cMaailma avastamine\u201d<\/span><\/p>\n<p><span style=\"font-weight: 400;\">V\u00e4ino Parise (1921-2001) 1968. aastal maalitud Saaremaa rannavaade kuulub tema loomingu tippteoste hulka. 1960ndatel muutus tema koloriit tunduvalt julgemaks, pintslit\u00f6\u00f6 aga oli j\u00e4tkuvalt lopsakas. Eriti v\u00f5imsalt v\u00e4ljendub see antud teosel ekspressiivse j\u00f5uga maalitud merelainetes ning justkui tedremuna koort meenutavas kividega rannaliival.<\/span><\/p>\n<p><span style=\"font-weight: 400;\">K\u00f5rget kallast tagaplaanil, laines\u00e4brus merd ja kiviklibust pinnast esiplaanil seob kompositsiooniliseks tervikuks d\u00fcnaamiline pintslik\u00e4sitlus, mis muudab motiivi elavaks ja vahetuks nagu postimpressionismile kohane.\u00a0<\/span><\/p>\n<p style=\"text-align: right;\"><span style=\"font-weight: 400;\">Tekst: Harry Liivrand, Katre Palm<\/span><\/p>\n<p>[\/vc_column_text][\/vc_column][\/vc_row]<\/p>\n<\/div>","protected":false},"excerpt":{"rendered":"<p>[vc_row][vc_column][vc_column_text css=&#8221;&#8221; woodmart_inline=&#8221;no&#8221; text_larger=&#8221;no&#8221;] \u00d5li, tempera kartongil. 1968. All vasakul: V. Paris 68 P\u00f6\u00f6rdel: Saaremaa &#8220;Tagalaht&#8221; V\u00e4ino Paris 1968 \u00d5li,<\/p>\n","protected":false},"featured_media":36310,"menu_order":357,"comment_status":"closed","ping_status":"closed","template":"","project-cat":[382],"class_list":["post-35278","portfolio","type-portfolio","status-publish","has-post-thumbnail","hentry","project-cat-sugisoksjon-2025"],"acf":[],"_links":{"self":[{"href":"https:\/\/alleegalerii.ee\/en\/wp-json\/wp\/v2\/portfolio\/35278","targetHints":{"allow":["GET"]}}],"collection":[{"href":"https:\/\/alleegalerii.ee\/en\/wp-json\/wp\/v2\/portfolio"}],"about":[{"href":"https:\/\/alleegalerii.ee\/en\/wp-json\/wp\/v2\/types\/portfolio"}],"replies":[{"embeddable":true,"href":"https:\/\/alleegalerii.ee\/en\/wp-json\/wp\/v2\/comments?post=35278"}],"wp:featuredmedia":[{"embeddable":true,"href":"https:\/\/alleegalerii.ee\/en\/wp-json\/wp\/v2\/media\/36310"}],"wp:attachment":[{"href":"https:\/\/alleegalerii.ee\/en\/wp-json\/wp\/v2\/media?parent=35278"}],"wp:term":[{"taxonomy":"project-cat","embeddable":true,"href":"https:\/\/alleegalerii.ee\/en\/wp-json\/wp\/v2\/project-cat?post=35278"}],"curies":[{"name":"wp","href":"https:\/\/api.w.org\/{rel}","templated":true}]}}