{"id":34858,"date":"2025-10-16T20:21:16","date_gmt":"2025-10-16T17:21:16","guid":{"rendered":"https:\/\/alleegalerii.ee\/?post_type=portfolio&#038;p=34858"},"modified":"2025-12-19T15:40:52","modified_gmt":"2025-12-19T13:40:52","slug":"kalju-nagel-sugis-arulas","status":"publish","type":"portfolio","link":"https:\/\/alleegalerii.ee\/en\/art-auctions\/kalju-nagel-sugis-arulas\/","title":{"rendered":"Kalju Nagel &#8220;S\u00fcgis Arulas&#8221;"},"content":{"rendered":"<div class=\"wpb-content-wrapper\"><p>[vc_row][vc_column][vc_column_text css=&#8221;&#8221; woodmart_inline=&#8221;no&#8221; text_larger=&#8221;no&#8221;]<\/p>\n<h5>\u00d5li kartongil. 1968.<br \/>\nAll paremal: Kalju Nagel<br \/>\nP\u00f6\u00f6rdel kartongil: S\u00fcgis Arulas Kalju Nagel 1968. a<\/h5>\n<p><span style=\"font-weight: 400;\">1930. aastate teisel poolel Pallases alustanud, kuid s\u00f5ja t\u00f5ttu alles 1947 selle kooli l\u00f5petada saanud Kalju Nagel (1918-2005) on L\u00f5una-Eesti t\u00f5eline patrioot. Tema armastus maalilise kuppelmaastiku vastu v\u00e4ljendub k\u00fctkestavalt liigendatud kompositsioonides ja toonikooslustes, mida oskavad n\u00e4ha vaid t\u00f5eliselt loodust armastava inimese silmad.\u00a0<\/span><\/p>\n<p><span style=\"font-weight: 400;\">1960. aastad on Nageli kui koloristi k\u00f5rgaeg, mil tema impressionistlik maastikuk\u00e4sitlus on plastiline ja \u00f5hurikas ning perspektiivi r\u00f5hutamine s\u00fcvendab ruumilist muljet. K\u00f5ike seda v\u00f5ib n\u00e4ha k\u00e4esoleval teosel, mis kujutab Otep\u00e4\u00e4 l\u00e4histel asuvat maalilist Arula k\u00fcla &#8211; tuntud oma kuulsa veski poolest. Nagel laob puudesalud m\u00e4ek\u00fcljele kihiliselt nagu tordi ja suurendab optilist efekti l\u00e4bi esiplaanil kasvavate puude detailsema v\u00e4ljamaalimise. Meie ees on \u00fcks v\u00f5imsama v\u00e4rvielamusega teoseid kunstniku loomingus.<\/span><\/p>\n<p style=\"text-align: right;\"><span style=\"font-weight: 400;\">Tekst: Harry Liivrand, Katre Palm<\/span><\/p>\n<p>[\/vc_column_text][\/vc_column][\/vc_row]<\/p>\n<\/div>","protected":false},"excerpt":{"rendered":"<p>[vc_row][vc_column][vc_column_text css=&#8221;&#8221; woodmart_inline=&#8221;no&#8221; text_larger=&#8221;no&#8221;] \u00d5li kartongil. 1968. All paremal: Kalju Nagel P\u00f6\u00f6rdel kartongil: S\u00fcgis Arulas Kalju Nagel 1968. a 1930.<\/p>\n","protected":false},"featured_media":34889,"menu_order":417,"comment_status":"closed","ping_status":"closed","template":"","project-cat":[382],"class_list":["post-34858","portfolio","type-portfolio","status-publish","has-post-thumbnail","hentry","project-cat-sugisoksjon-2025"],"acf":[],"_links":{"self":[{"href":"https:\/\/alleegalerii.ee\/en\/wp-json\/wp\/v2\/portfolio\/34858","targetHints":{"allow":["GET"]}}],"collection":[{"href":"https:\/\/alleegalerii.ee\/en\/wp-json\/wp\/v2\/portfolio"}],"about":[{"href":"https:\/\/alleegalerii.ee\/en\/wp-json\/wp\/v2\/types\/portfolio"}],"replies":[{"embeddable":true,"href":"https:\/\/alleegalerii.ee\/en\/wp-json\/wp\/v2\/comments?post=34858"}],"wp:featuredmedia":[{"embeddable":true,"href":"https:\/\/alleegalerii.ee\/en\/wp-json\/wp\/v2\/media\/34889"}],"wp:attachment":[{"href":"https:\/\/alleegalerii.ee\/en\/wp-json\/wp\/v2\/media?parent=34858"}],"wp:term":[{"taxonomy":"project-cat","embeddable":true,"href":"https:\/\/alleegalerii.ee\/en\/wp-json\/wp\/v2\/project-cat?post=34858"}],"curies":[{"name":"wp","href":"https:\/\/api.w.org\/{rel}","templated":true}]}}