{"id":34557,"date":"2025-10-19T20:24:22","date_gmt":"2025-10-19T17:24:22","guid":{"rendered":"https:\/\/alleegalerii.ee\/?post_type=portfolio&#038;p=34557"},"modified":"2025-12-19T15:23:32","modified_gmt":"2025-12-19T13:23:32","slug":"juri-arrak-nuku-elu","status":"publish","type":"portfolio","link":"https:\/\/alleegalerii.ee\/en\/art-auctions\/juri-arrak-nuku-elu\/","title":{"rendered":"J\u00fcri Arrak &#8220;Nuku elu&#8221;"},"content":{"rendered":"<div class=\"wpb-content-wrapper\"><p>[vc_row][vc_column][vc_column_text css=&#8221;&#8221; woodmart_inline=&#8221;no&#8221; text_larger=&#8221;no&#8221;]<\/p>\n<h5>\u00d5li l\u00f5uendil. 2022.<br \/>\nAll paremal: J. Arrak 2022.<br \/>\nP\u00f6\u00f6rdel: J\u00fcri Arrak &#8220;Nuku Elu&#8221; 2022.a \u00f5li, l. 65&#215;100 cm<\/h5>\n<p><span style=\"font-weight: 400;\">J\u00fcri Arraku (1936-2022) viimasel eluaastal teostatud maal on mitmes m\u00f5ttes s\u00fcmboolne. Oli ju maskide, nukkude ja metafooride kujutamine l\u00e4bi loomingu tema \u00fcks olulisemaid vahendeid ning n\u00fc\u00fcd r\u00e4\u00e4gib ta loo nukust endast &#8211; omamoodi t\u00e4nuavaldusena. Teisalt vaatab ta olnule tagasi ning k\u00e4sitleb iseend kui nukku, kel uued universumi avastamised alles ees.<\/span><\/p>\n<p><span style=\"font-weight: 400;\">Arrak on \u00f6elnud: \u201cMaalil peab olema \u00f5ige tunne, pilditagune maailm on maali sees &#8211; k\u00f5ik on \u00fcks. Maalides peab olema nii vaba, et sa ei allu mitte kellegile, isegi m\u00f5ttele mitte. See ongi vabadus. Elu on armas, seda tuleb hoida. Inimene peab leidma sellise raja, et ta saaks \u00f6elda, et ta avastab universumi saladusi. Universum on l\u00f5putu\u201d.\u00a0<\/span><\/p>\n<p><span style=\"font-weight: 400;\">Maali taust on justkui v\u00e4\u00e4ramatute j\u00f5udude meelevallas: tegelased justkui voolaks kuumade hoovuste eest tundmatusse, sulandudes, muutudes ja moondudes ka ise. Teekaaslaseks omaenese Nukk-ikoon, kes valgust n\u00e4idates liigub maamuldade\u00a0 s\u00fcgavpruunist helesinise \u00fclest\u00f5usmise ja lootuse poole. Ait\u00e4h ja uute kohtumisteni!<\/span><\/p>\n<p style=\"text-align: right;\"><span style=\"font-weight: 400;\">Tekst: Eneli Luiga<\/span><\/p>\n<p>[\/vc_column_text][\/vc_column][\/vc_row]<\/p>\n<\/div>","protected":false},"excerpt":{"rendered":"<p>[vc_row][vc_column][vc_column_text css=&#8221;&#8221; woodmart_inline=&#8221;no&#8221; text_larger=&#8221;no&#8221;] \u00d5li l\u00f5uendil. 2022. All paremal: J. Arrak 2022. P\u00f6\u00f6rdel: J\u00fcri Arrak &#8220;Nuku Elu&#8221; 2022.a \u00f5li, l.<\/p>\n","protected":false},"featured_media":34594,"menu_order":408,"comment_status":"closed","ping_status":"closed","template":"","project-cat":[382],"class_list":["post-34557","portfolio","type-portfolio","status-publish","has-post-thumbnail","hentry","project-cat-sugisoksjon-2025"],"acf":[],"_links":{"self":[{"href":"https:\/\/alleegalerii.ee\/en\/wp-json\/wp\/v2\/portfolio\/34557","targetHints":{"allow":["GET"]}}],"collection":[{"href":"https:\/\/alleegalerii.ee\/en\/wp-json\/wp\/v2\/portfolio"}],"about":[{"href":"https:\/\/alleegalerii.ee\/en\/wp-json\/wp\/v2\/types\/portfolio"}],"replies":[{"embeddable":true,"href":"https:\/\/alleegalerii.ee\/en\/wp-json\/wp\/v2\/comments?post=34557"}],"wp:featuredmedia":[{"embeddable":true,"href":"https:\/\/alleegalerii.ee\/en\/wp-json\/wp\/v2\/media\/34594"}],"wp:attachment":[{"href":"https:\/\/alleegalerii.ee\/en\/wp-json\/wp\/v2\/media?parent=34557"}],"wp:term":[{"taxonomy":"project-cat","embeddable":true,"href":"https:\/\/alleegalerii.ee\/en\/wp-json\/wp\/v2\/project-cat?post=34557"}],"curies":[{"name":"wp","href":"https:\/\/api.w.org\/{rel}","templated":true}]}}