{"id":29046,"date":"2024-10-28T18:29:51","date_gmt":"2024-10-28T16:29:51","guid":{"rendered":"https:\/\/alleegalerii.ee\/?post_type=portfolio&#038;p=29046"},"modified":"2026-01-31T19:09:33","modified_gmt":"2026-01-31T17:09:33","slug":"ervin-ounapuu-oliivi-langemine","status":"publish","type":"portfolio","link":"https:\/\/alleegalerii.ee\/en\/art-auctions\/ervin-ounapuu-oliivi-langemine\/","title":{"rendered":"Ervin \u00d5unapuu &#8220;Oliivi langemine&#8221;"},"content":{"rendered":"<h5>Segatehnika paberil. 1993.<br \/>\nAll paremal: E\u00d5 93<\/h5>\n<p><span style=\"font-weight: 400;\">Eesti 1980. aastate ja 1990. aastate I poole omap\u00e4rasemaid s\u00fcrrealiste on Ervin \u00d5unapuu (s 1956), kelle sarnases formaadis akvarell\u00a0 \u201cTardunud tugevamaks\u201d (1981, Tartu Kunstimuuseum) oli eksponeeritud ka 2024. aasta kevadel ERMis avatud n\u00e4itusel \u201cS\u00fcrrealism 100. Praha, Tartu ja teised lood\u201d.\u00a0<\/span><\/p>\n<p><span style=\"font-weight: 400;\">\u00d5unapuu loomingut l\u00e4bib peamise kujundina paradoksaalsetesse olukordadesse asetatud ovaalne kujund, mis teistegi s\u00fcrrealistide loomingus populaarse muna kujundi edasiarenduses v\u00f5tab tumeda oliivi vormi. Kujundiloomes ja tegelaste karakteristikas hoomab \u00d5unapuu vaimusugulust Boschi ja Brueghel-vanemaga, kuid \u00d5unapuu moraal on hoopis midagi muud &#8211; antiklerikaalne.\u00a0<\/span><\/p>\n<p><span style=\"font-weight: 400;\">Ka \u201cOliivi langemises\u201d n\u00e4eme hirmunud ilmega naist j\u00e4lgimas uskumatut lugu ehk imet: kuskilt k\u00f5rgelt, ilmselt taevast langenud hiiglaslik oliiv murrab vastu puud kukkudes selle t\u00fcve. Stseeni asetab \u00d5unapuu metaf\u00fc\u00fcsilise \u00f5hustikuga k\u00f5rbemaastikku, mis on tema filosoofilis-s\u00fcrreaalse loomingu peamisi keskkondi. Ime s\u00fcndimise \u00f5hustikku v\u00f5imendab tormine ilm kui kompositsiooni keskne meeleolu looja.<\/span><\/p>\n<p style=\"text-align: right;\"><span style=\"font-weight: 400;\">Tekst: Harry Liivrand, Katre Palm<\/span><\/p>\n","protected":false},"excerpt":{"rendered":"<p>Segatehnika paberil. 1993. All paremal: E\u00d5 93 Eesti 1980. aastate ja 1990. aastate I poole omap\u00e4rasemaid s\u00fcrrealiste on Ervin \u00d5unapuu<\/p>\n","protected":false},"featured_media":29050,"menu_order":1078,"comment_status":"closed","ping_status":"closed","template":"","project-cat":[331],"class_list":["post-29046","portfolio","type-portfolio","status-publish","has-post-thumbnail","hentry","project-cat-sugisoksjon-2024"],"acf":[],"_links":{"self":[{"href":"https:\/\/alleegalerii.ee\/en\/wp-json\/wp\/v2\/portfolio\/29046","targetHints":{"allow":["GET"]}}],"collection":[{"href":"https:\/\/alleegalerii.ee\/en\/wp-json\/wp\/v2\/portfolio"}],"about":[{"href":"https:\/\/alleegalerii.ee\/en\/wp-json\/wp\/v2\/types\/portfolio"}],"replies":[{"embeddable":true,"href":"https:\/\/alleegalerii.ee\/en\/wp-json\/wp\/v2\/comments?post=29046"}],"wp:featuredmedia":[{"embeddable":true,"href":"https:\/\/alleegalerii.ee\/en\/wp-json\/wp\/v2\/media\/29050"}],"wp:attachment":[{"href":"https:\/\/alleegalerii.ee\/en\/wp-json\/wp\/v2\/media?parent=29046"}],"wp:term":[{"taxonomy":"project-cat","embeddable":true,"href":"https:\/\/alleegalerii.ee\/en\/wp-json\/wp\/v2\/project-cat?post=29046"}],"curies":[{"name":"wp","href":"https:\/\/api.w.org\/{rel}","templated":true}]}}