{"id":28995,"date":"2024-10-26T09:02:44","date_gmt":"2024-10-26T06:02:44","guid":{"rendered":"https:\/\/alleegalerii.ee\/?post_type=portfolio&#038;p=28995"},"modified":"2026-01-24T17:30:55","modified_gmt":"2026-01-24T15:30:55","slug":"ivo-lill-puramiid-2000ndad","status":"publish","type":"portfolio","link":"https:\/\/alleegalerii.ee\/en\/art-auctions\/ivo-lill-puramiid-2000ndad\/","title":{"rendered":"Ivo Lill &#8220;P\u00fcramiid&#8221;"},"content":{"rendered":"<h5>K\u00fclmlihv, klaas. 2000ndad.<br \/>\nSkulptuuri alumises \u00e4\u00e4res: A. Lill<\/h5>\n<p><span style=\"font-weight: 400;\">Rahvusvaheliselt \u00fche k\u00f5ige tunnustatuma eesti klaasikunstniku Ivo Lille (1953-2019) saatuslik p\u00f5rkumine kunstimaailmaga sai alguse keskkooli ajal, mil noormees k\u00fclastas K\u00fctiorgu V\u00f5rumaal ja kohtus seal Valdur Ohakaga, kellest oma lahtise maailman\u00e4gemuse t\u00f5ttu sai Lille kunsti juurde j\u00f5udmise ristiisa.\u00a0<\/span><\/p>\n<p><span style=\"font-weight: 400;\">Lille looming l\u00e4htub keerulistest geomeetrilistest struktuuridest ja klaasi omadustest l\u00f5putult tekitada peegeldusillusioone, eriti kui \u00fche klaasobjekti sisse on sulatatud keerulisema konstruktsiooniga teine objekt. Nii j\u00f5uab ta tulemuseni, kus kiht kihi haaval laotud klaaspinnad pakuvad v\u00f5rratut meditatiivset ja esteetilist naudingut.\u00a0<\/span><\/p>\n<p><span style=\"font-weight: 400;\">\u201cP\u00fcramiidi\u201d pealtn\u00e4ha lihtne ratsionaalne vorm varjab endas keerulist ruumilab\u00fcrinti &#8211; sootuks teist struktuuri, mille n\u00e4gemiseks peame s\u00fc\u00fcvima teose filigraanselt laotud kihtidesse. \u201cP\u00fcramiid\u201d on intellektuaalne m\u00f5istatus vaataja jaoks &#8211; kuidas k\u00fcll saab luua midagi nii \u00fcletamatult \u00f5rna ja tugevat samaaegselt?<\/span><\/p>\n<p style=\"text-align: right;\"><span style=\"font-weight: 400;\">Tekst: Harry Liivrand<\/span><\/p>\n","protected":false},"excerpt":{"rendered":"<p>K\u00fclmlihv, klaas. 2000ndad. Skulptuuri alumises \u00e4\u00e4res: A. Lill Rahvusvaheliselt \u00fche k\u00f5ige tunnustatuma eesti klaasikunstniku Ivo Lille (1953-2019) saatuslik p\u00f5rkumine kunstimaailmaga<\/p>\n","protected":false},"featured_media":29055,"menu_order":1030,"comment_status":"closed","ping_status":"closed","template":"","project-cat":[331],"class_list":["post-28995","portfolio","type-portfolio","status-publish","has-post-thumbnail","hentry","project-cat-sugisoksjon-2024"],"acf":[],"_links":{"self":[{"href":"https:\/\/alleegalerii.ee\/en\/wp-json\/wp\/v2\/portfolio\/28995","targetHints":{"allow":["GET"]}}],"collection":[{"href":"https:\/\/alleegalerii.ee\/en\/wp-json\/wp\/v2\/portfolio"}],"about":[{"href":"https:\/\/alleegalerii.ee\/en\/wp-json\/wp\/v2\/types\/portfolio"}],"replies":[{"embeddable":true,"href":"https:\/\/alleegalerii.ee\/en\/wp-json\/wp\/v2\/comments?post=28995"}],"wp:featuredmedia":[{"embeddable":true,"href":"https:\/\/alleegalerii.ee\/en\/wp-json\/wp\/v2\/media\/29055"}],"wp:attachment":[{"href":"https:\/\/alleegalerii.ee\/en\/wp-json\/wp\/v2\/media?parent=28995"}],"wp:term":[{"taxonomy":"project-cat","embeddable":true,"href":"https:\/\/alleegalerii.ee\/en\/wp-json\/wp\/v2\/project-cat?post=28995"}],"curies":[{"name":"wp","href":"https:\/\/api.w.org\/{rel}","templated":true}]}}