{"id":28257,"date":"2024-10-23T17:39:04","date_gmt":"2024-10-23T14:39:04","guid":{"rendered":"https:\/\/alleegalerii.ee\/?post_type=portfolio&#038;p=28257"},"modified":"2026-01-22T16:44:49","modified_gmt":"2026-01-22T14:44:49","slug":"ado-lill-akt-2008-100-x-75-cm","status":"publish","type":"portfolio","link":"https:\/\/alleegalerii.ee\/en\/art-auctions\/ado-lill-akt-2008-100-x-75-cm\/","title":{"rendered":"Ado Lill &#8220;Akt&#8221;"},"content":{"rendered":"<h5>Akr\u00fc\u00fcl l\u00f5uendil. 2008.<br \/>\nAll paremal: Lill<br \/>\nP\u00f6\u00f6rdel: Ado Lill &#8220;Akt&#8220; 2008. L\u00f5uend, akr\u00fc\u00fcl pigment 100&#215;75 cm<\/h5>\n<p><span style=\"font-weight: 400;\">Eesti abstraktsionismi suurmeister Ado Lill (1932-2018) hakkas j\u00e4rk-j\u00e4rgult 2000. aastatel j\u00e4rjest enam kujutama naise figuuri, algul k\u00fcll vaid fragmendina kuni j\u00f5udis k\u00fcmnendi l\u00f5pul naisaktini. Ehkki Lille naisaktid on reeglina erksas koloriidis t\u00e4pselt defineerimata ruumis\u00a0 istuvas v\u00f5i lamavas poosis, v\u00f5ib k\u00e4esolevat maali m\u00e4\u00e4ratleda kui p\u00e4ikesevanni v\u00f5tvat naist mererannal.\u00a0<\/span><\/p>\n<p><span style=\"font-weight: 400;\">Modernistlikust traditsioonist l\u00e4htuvalt Lill stiliseerib ja \u00fcldistab kujutatavat, kuid paksu pastoosse v\u00e4rvikihiga maalitud ja s\u00f6ega kehalisi kontuure r\u00f5hutatud teosed m\u00e4ngivad ka kunstiajaloolistel paralleelidel &#8211; nii kompositsioonis kui emotsionaalsel tasandil. Siinne akt tuletab meelde n\u00e4iteks Ingres\u00b4i loomingus esinevat sulnist akti. Teosesse k\u00e4tketud igatsev meeleolu on aga romantilise alatooniga. Suurep\u00e4rane teostus ja kompositsioon!<\/span><\/p>\n<p style=\"text-align: right;\"><span style=\"font-weight: 400;\">Tekst: Harry Liivrand<\/span><\/p>\n","protected":false},"excerpt":{"rendered":"<p>Akr\u00fc\u00fcl l\u00f5uendil. 2008. All paremal: Lill P\u00f6\u00f6rdel: Ado Lill &#8220;Akt&#8220; 2008. L\u00f5uend, akr\u00fc\u00fcl pigment 100&#215;75 cm Eesti abstraktsionismi suurmeister Ado<\/p>\n","protected":false},"featured_media":28290,"menu_order":973,"comment_status":"closed","ping_status":"closed","template":"","project-cat":[331],"class_list":["post-28257","portfolio","type-portfolio","status-publish","has-post-thumbnail","hentry","project-cat-sugisoksjon-2024"],"acf":[],"_links":{"self":[{"href":"https:\/\/alleegalerii.ee\/en\/wp-json\/wp\/v2\/portfolio\/28257","targetHints":{"allow":["GET"]}}],"collection":[{"href":"https:\/\/alleegalerii.ee\/en\/wp-json\/wp\/v2\/portfolio"}],"about":[{"href":"https:\/\/alleegalerii.ee\/en\/wp-json\/wp\/v2\/types\/portfolio"}],"replies":[{"embeddable":true,"href":"https:\/\/alleegalerii.ee\/en\/wp-json\/wp\/v2\/comments?post=28257"}],"wp:featuredmedia":[{"embeddable":true,"href":"https:\/\/alleegalerii.ee\/en\/wp-json\/wp\/v2\/media\/28290"}],"wp:attachment":[{"href":"https:\/\/alleegalerii.ee\/en\/wp-json\/wp\/v2\/media?parent=28257"}],"wp:term":[{"taxonomy":"project-cat","embeddable":true,"href":"https:\/\/alleegalerii.ee\/en\/wp-json\/wp\/v2\/project-cat?post=28257"}],"curies":[{"name":"wp","href":"https:\/\/api.w.org\/{rel}","templated":true}]}}