{"id":27914,"date":"2024-10-24T23:27:55","date_gmt":"2024-10-24T20:27:55","guid":{"rendered":"https:\/\/alleegalerii.ee\/?post_type=portfolio&#038;p=27914"},"modified":"2026-01-23T13:46:49","modified_gmt":"2026-01-23T11:46:49","slug":"evald-okas-laval-1997","status":"publish","type":"portfolio","link":"https:\/\/alleegalerii.ee\/en\/art-auctions\/evald-okas-laval-1997\/","title":{"rendered":"Evald Okas &#8220;Laval&#8221;"},"content":{"rendered":"<h5>\u00d5li l\u00f5uendil. 1997.<br \/>\nAll paremal: EOkas 1997<br \/>\nP\u00f6\u00f6rdel: EOkas 1997 P\u00f6\u00f6rdel alusraamil: Evald Okas &#8220;Laval&#8220; \u00f5li. 100&#215;73<\/h5>\n<p><span style=\"font-weight: 400;\">Sama lopsakas ja hoogne kui oli Evald Okase (1915-2011) pintslil\u00f6\u00f6k, oli ka tema armastus\u00a0 elegantsete daamide ja uhkete lavakujunduste vastu, mida ooperietendused ohtralt pakkusid. 1997. aasta l\u00f5pus esietendus Estonias Giuseppe Verdi t\u00f5estis\u00fcndinud lool p\u00f5hinev \u201cLa Traviata\u201d, mis oli suurs\u00fcndmuseks k\u00f5igile muusikaarmastajatele, sest oli ju seda legendaarset etendust eelneval korral m\u00e4ngitud lausa 20 hooaega j\u00e4rjest.\u00a0<\/span><\/p>\n<p><span style=\"font-weight: 400;\">Evald Okasele pakkus see oma s\u00e4ra ja suursugusega t\u00f5elist inspiratsiooni ja nii valmis k\u00e4esolev v\u00f5imas maal \u201cLaval\u201d. Kompositsiooni keskmesse paigutas kunstnik elegantse valges pitsivahus daami kui lavastuse peategelase &#8211; Marie Duplessise, Pariisi kuulsa kurtisaani. Tema k\u00f5rvale aga kaks \u00fclej\u00e4\u00e4nud tegelast, kes oma tahaplaanile astumisega lasevad teadlikult primadonnal s\u00e4rada, ent lisavad jutustusele siiski olulise lisan\u00fcansi.<\/span><\/p>\n<p><span style=\"font-weight: 400;\">Kuid loomulikult ei j\u00e4ta Okas maalile vaid talle ainuomast vimkat viskamast ning maalib taustale otse vaatajale kelmikalt otsa vaatava naisakti. Ehk on just tema see, kes tegelikult etenduse kulgu juhib ning kulissin\u00f6\u00f6re t\u00f5mbab? Igal juhul pakatab stseen sobivalt teatraalsusest ja lavastuslikkusest ning loomulikult Okasele t\u00fc\u00fcpiliselt virtuoossusest.\u00a0<\/span><\/p>\n<p style=\"text-align: right;\">Tekst: Katre Palm, Harry Liivrand<\/p>\n","protected":false},"excerpt":{"rendered":"<p>\u00d5li l\u00f5uendil. 1997. All paremal: EOkas 1997 P\u00f6\u00f6rdel: EOkas 1997 P\u00f6\u00f6rdel alusraamil: Evald Okas &#8220;Laval&#8220; \u00f5li. 100&#215;73 Sama lopsakas ja<\/p>\n","protected":false},"featured_media":27921,"menu_order":1001,"comment_status":"closed","ping_status":"closed","template":"","project-cat":[331],"class_list":["post-27914","portfolio","type-portfolio","status-publish","has-post-thumbnail","hentry","project-cat-sugisoksjon-2024"],"acf":[],"_links":{"self":[{"href":"https:\/\/alleegalerii.ee\/en\/wp-json\/wp\/v2\/portfolio\/27914","targetHints":{"allow":["GET"]}}],"collection":[{"href":"https:\/\/alleegalerii.ee\/en\/wp-json\/wp\/v2\/portfolio"}],"about":[{"href":"https:\/\/alleegalerii.ee\/en\/wp-json\/wp\/v2\/types\/portfolio"}],"replies":[{"embeddable":true,"href":"https:\/\/alleegalerii.ee\/en\/wp-json\/wp\/v2\/comments?post=27914"}],"wp:featuredmedia":[{"embeddable":true,"href":"https:\/\/alleegalerii.ee\/en\/wp-json\/wp\/v2\/media\/27921"}],"wp:attachment":[{"href":"https:\/\/alleegalerii.ee\/en\/wp-json\/wp\/v2\/media?parent=27914"}],"wp:term":[{"taxonomy":"project-cat","embeddable":true,"href":"https:\/\/alleegalerii.ee\/en\/wp-json\/wp\/v2\/project-cat?post=27914"}],"curies":[{"name":"wp","href":"https:\/\/api.w.org\/{rel}","templated":true}]}}