{"id":27818,"date":"2024-10-30T20:47:49","date_gmt":"2024-10-30T18:47:49","guid":{"rendered":"https:\/\/alleegalerii.ee\/?post_type=portfolio&#038;p=27818"},"modified":"2026-02-01T15:35:45","modified_gmt":"2026-02-01T13:35:45","slug":"gunther-reindorff-keila-mets","status":"publish","type":"portfolio","link":"https:\/\/alleegalerii.ee\/en\/art-auctions\/gunther-reindorff-keila-mets\/","title":{"rendered":"G\u00fcnther Reindorff &#8220;Keila mets&#8221;"},"content":{"rendered":"<h5>Segatehnika paberil. 1964.<br \/>\nP\u00f6\u00f6rdel: Keila mets 64<\/h5>\n<p><span style=\"font-weight: 400;\">G\u00fcnther Friedrich Reindorff (1889-1974) oli tunnustatud maastikujoonistaja ja tarbegraafik, 1928. aastal k\u00e4ibele l\u00e4inud Eesti kroonide kujundaja. Selle k\u00f5rval t\u00f6\u00f6tas ta graafika \u00f5ppej\u00f5una ning graafikaalase juhatajana Riigi Kunstt\u00f6\u00f6stuskoolis rajas ka litograafia- ja tr\u00fcki- ja tsinkograafia osakonnad.<\/span><\/p>\n<p><span style=\"font-weight: 400;\">Mets oli kunstniku \u00fcks peamisi inspiratsiooniallikaid ning lemmikkohti joonistamiseks. 1960. aastatel k\u00e4is ta sageli tinten-peni v\u00f5i pastakat taskus hoides looduses joonistamas. Enamus neist j\u00e4id mustvalgeks, ent kordadel, kui v\u00e4rvid kunstnikku eriti v\u00f5lusid, haaras ta hiljem ateljees ka v\u00e4rviliste pliiatsite ja akvarelli j\u00e4rgi.<\/span><\/p>\n<p><span style=\"font-weight: 400;\">Lisaks suurep\u00e4raselt \u00f5nnestunud valgusk\u00e4sitlusele, mis metsaaluse h\u00e4maruse t\u00f5ttu n\u00f5uab kogenud silma ja k\u00e4tt, v\u00f5lub antud teoses puut\u00fcvedest tekkiv r\u00fctm. Just see v\u00f5imaldab silmal nii horisontaalselt kui vertikaalselt m\u00f5nuga \u00fcle pinna joosta ning aina uusi detaile avastada.\u00a0<\/span><\/p>\n<p style=\"text-align: right;\"><span style=\"font-weight: 400;\">Tekst: Mai Levin, Katre Palm<\/span><\/p>\n","protected":false},"excerpt":{"rendered":"<p>Segatehnika paberil. 1964. P\u00f6\u00f6rdel: Keila mets 64 G\u00fcnther Friedrich Reindorff (1889-1974) oli tunnustatud maastikujoonistaja ja tarbegraafik, 1928. aastal k\u00e4ibele l\u00e4inud<\/p>\n","protected":false},"featured_media":27825,"menu_order":1099,"comment_status":"closed","ping_status":"closed","template":"","project-cat":[331],"class_list":["post-27818","portfolio","type-portfolio","status-publish","has-post-thumbnail","hentry","project-cat-sugisoksjon-2024"],"acf":[],"_links":{"self":[{"href":"https:\/\/alleegalerii.ee\/en\/wp-json\/wp\/v2\/portfolio\/27818","targetHints":{"allow":["GET"]}}],"collection":[{"href":"https:\/\/alleegalerii.ee\/en\/wp-json\/wp\/v2\/portfolio"}],"about":[{"href":"https:\/\/alleegalerii.ee\/en\/wp-json\/wp\/v2\/types\/portfolio"}],"replies":[{"embeddable":true,"href":"https:\/\/alleegalerii.ee\/en\/wp-json\/wp\/v2\/comments?post=27818"}],"wp:featuredmedia":[{"embeddable":true,"href":"https:\/\/alleegalerii.ee\/en\/wp-json\/wp\/v2\/media\/27825"}],"wp:attachment":[{"href":"https:\/\/alleegalerii.ee\/en\/wp-json\/wp\/v2\/media?parent=27818"}],"wp:term":[{"taxonomy":"project-cat","embeddable":true,"href":"https:\/\/alleegalerii.ee\/en\/wp-json\/wp\/v2\/project-cat?post=27818"}],"curies":[{"name":"wp","href":"https:\/\/api.w.org\/{rel}","templated":true}]}}