{"id":27788,"date":"2024-10-25T11:32:30","date_gmt":"2024-10-25T08:32:30","guid":{"rendered":"https:\/\/alleegalerii.ee\/?post_type=portfolio&#038;p=27788"},"modified":"2026-01-23T14:42:39","modified_gmt":"2026-01-23T12:42:39","slug":"valdemar-vali-saare-kalasadamas-1961","status":"publish","type":"portfolio","link":"https:\/\/alleegalerii.ee\/en\/art-auctions\/valdemar-vali-saare-kalasadamas-1961\/","title":{"rendered":"Valdemar V\u00e4li &#8220;Saare kalasadamas&#8221;"},"content":{"rendered":"<h5>\u00d5li l\u00f5uendil. 1961.<br \/>\nP\u00f6\u00f6rdel: V. V\u00c4LI 1961 &#8220;Saare kalasadamas&#8220;<\/h5>\n<p><span style=\"font-weight: 400;\">Pallaslane Valdemar V\u00e4li (1909-2007) oli muuhulgas kirglik kalamees, kelle lai naeratus, suurte kalurisaabastega randa k\u00f5ndides, on igaveseks j\u00e4\u00e4dvustatud fotoarhiividesse ning 2004. aastal v\u00e4lja antud monograafiasse. Armastuse rannarahva ja kalurielu vastu kandis V\u00e4li ka loomingusse. Eelk\u00f5ige kujutasid tema maalid L\u00e4\u00e4nemaa, Muhu, Saaremaa ja Kihnu elanike eluolu. Rannaelu temaatika v\u00e4ljendas s\u00fcmboolselt ka igatsust vabaduse j\u00e4rele, mida meremeeste elu teatud m\u00e4\u00e4ral v\u00f5imaldas.\u00a0<\/span><\/p>\n<p><span style=\"font-weight: 400;\">Vormi\u00fcldistavas laadis maal \u201cSaare kalasadamas\u201d ei ole pelgalt j\u00e4\u00e4dvustus sadamak\u00fclast, vaid dokumenteerib olulist hetke &#8211; merele minekut! Siin veel ei teata, milliseks kujuneb saak, millega kostitab kalureid ilm v\u00f5i millised seiklused on ees. V\u00e4li, kes tundis kalurite t\u00f6\u00f6protsessi kui oma viit s\u00f5rme, annab elavalt edasi momenti, mil tassitakse paati v\u00f5rke, t\u00f5mmatakse \u00fcles ankur ning visatakse pardale vihmakeep. Valitsevat ootus\u00e4revat meeleolu v\u00f5imendavad taevas kisendavad kajakad, kes kuuluvad ilmeksimatult rannaelu juurde.\u00a0<\/span><\/p>\n<p style=\"text-align: right;\"><span style=\"font-weight: 400;\">Tekst: Katre Palm<\/span><\/p>\n","protected":false},"excerpt":{"rendered":"<p>\u00d5li l\u00f5uendil. 1961. P\u00f6\u00f6rdel: V. V\u00c4LI 1961 &#8220;Saare kalasadamas&#8220; Pallaslane Valdemar V\u00e4li (1909-2007) oli muuhulgas kirglik kalamees, kelle lai naeratus,<\/p>\n","protected":false},"featured_media":28909,"menu_order":1008,"comment_status":"closed","ping_status":"closed","template":"","project-cat":[331],"class_list":["post-27788","portfolio","type-portfolio","status-publish","has-post-thumbnail","hentry","project-cat-sugisoksjon-2024"],"acf":[],"_links":{"self":[{"href":"https:\/\/alleegalerii.ee\/en\/wp-json\/wp\/v2\/portfolio\/27788","targetHints":{"allow":["GET"]}}],"collection":[{"href":"https:\/\/alleegalerii.ee\/en\/wp-json\/wp\/v2\/portfolio"}],"about":[{"href":"https:\/\/alleegalerii.ee\/en\/wp-json\/wp\/v2\/types\/portfolio"}],"replies":[{"embeddable":true,"href":"https:\/\/alleegalerii.ee\/en\/wp-json\/wp\/v2\/comments?post=27788"}],"wp:featuredmedia":[{"embeddable":true,"href":"https:\/\/alleegalerii.ee\/en\/wp-json\/wp\/v2\/media\/28909"}],"wp:attachment":[{"href":"https:\/\/alleegalerii.ee\/en\/wp-json\/wp\/v2\/media?parent=27788"}],"wp:term":[{"taxonomy":"project-cat","embeddable":true,"href":"https:\/\/alleegalerii.ee\/en\/wp-json\/wp\/v2\/project-cat?post=27788"}],"curies":[{"name":"wp","href":"https:\/\/api.w.org\/{rel}","templated":true}]}}