{"id":27710,"date":"2024-10-26T17:34:45","date_gmt":"2024-10-26T14:34:45","guid":{"rendered":"https:\/\/alleegalerii.ee\/?post_type=portfolio&#038;p=27710"},"modified":"2026-01-28T15:46:00","modified_gmt":"2026-01-28T13:46:00","slug":"meiu-munt-valge-kleit-2019-100-x-70-cm","status":"publish","type":"portfolio","link":"https:\/\/alleegalerii.ee\/en\/art-auctions\/meiu-munt-valge-kleit-2019-100-x-70-cm\/","title":{"rendered":"Meiu M\u00fcnt &#8220;Valge kleit&#8221;"},"content":{"rendered":"<h5>\u00d5li l\u00f5uendil. 2019.<br \/>\nAll paremal: Meiu M\u00fcnt 2019<br \/>\nP\u00f6\u00f6rdel: MEIU M\u00dcNT &#8220;VALGE KLEIT&#8220; 2019. \u00d5LI, L\u00d5UEND, 70 X 100 cm.<\/h5>\n<p><span style=\"font-weight: 400;\">Tartu \u00fcks huvitavamaid koloristlikke maalijaid, kelle looming toetub nii fovismi, s\u00fcmbolismi kui popkunsti p\u00e4randile, on Meiu M\u00fcnt (s 1972). M\u00fcnt maalib peamiselt figuuri ja figuuriga seotud aksessuaare ning eksistentsiaalsest pingest laetud portreerilisi l\u00e4hivaateid ning erilist t\u00e4helepanu on saanud tema loomingus kleidid, mille \u00fcks suurep\u00e4raseid n\u00e4iteid on meie ees.<\/span><\/p>\n<p><span style=\"font-weight: 400;\">Pehme ja tundelise pintsliga maalitud \u201cValge kleit\u201d kannab endas m\u00e4lestusi suvisest p\u00e4evast. M\u00fcnt muljetab: \u201cValge on j\u00e4lle nii tasakaalustav, puhas ja samas maalilises m\u00f5ttes v\u00e4ga keeruline v\u00e4rv. Valge v\u00e4rviga on k\u00f5ige lihtsam eksida, ta v\u00f5ib k\u00f5ik \u00e4ra nullida, teha pildi plassiks ja kriidiseks. Sellega opereerimine on t\u00e4itsa kunst omaette.\u201d (Meiu M\u00fcnt, Peeter Talvistu \u201cMeiu M\u00fcnt. Punane ja must\u201d, 2020, lk 47).<\/span><\/p>\n<p><span style=\"font-weight: 400;\">Tundliku koloristina paigutab M\u00fcnt valge kleidi taustale pruuni ja sooja oliivirohelise &#8211; v\u00e4rvid, mis lubavad valge s\u00fc\u00fctult puhtal toonil esile t\u00f5usta. Just nii \u00e4rkab motiiv vaataja silme all ellu &#8211; muutub korraga n\u00e4htavaks nii tema sisemine kui v\u00e4line ilu. M\u00fcnt on hingega kunstnik, kelle k\u00e4e all muutub maailm ilusamaks paigaks.\u00a0<\/span><\/p>\n<p style=\"text-align: right;\"><span style=\"font-weight: 400;\">Tekst: Katre Palm, Harry Liivrand<\/span><\/p>\n","protected":false},"excerpt":{"rendered":"<p>\u00d5li l\u00f5uendil. 2019. All paremal: Meiu M\u00fcnt 2019 P\u00f6\u00f6rdel: MEIU M\u00dcNT &#8220;VALGE KLEIT&#8220; 2019. \u00d5LI, L\u00d5UEND, 70 X 100 cm.<\/p>\n","protected":false},"featured_media":27711,"menu_order":1051,"comment_status":"closed","ping_status":"closed","template":"","project-cat":[331],"class_list":["post-27710","portfolio","type-portfolio","status-publish","has-post-thumbnail","hentry","project-cat-sugisoksjon-2024"],"acf":[],"_links":{"self":[{"href":"https:\/\/alleegalerii.ee\/en\/wp-json\/wp\/v2\/portfolio\/27710","targetHints":{"allow":["GET"]}}],"collection":[{"href":"https:\/\/alleegalerii.ee\/en\/wp-json\/wp\/v2\/portfolio"}],"about":[{"href":"https:\/\/alleegalerii.ee\/en\/wp-json\/wp\/v2\/types\/portfolio"}],"replies":[{"embeddable":true,"href":"https:\/\/alleegalerii.ee\/en\/wp-json\/wp\/v2\/comments?post=27710"}],"wp:featuredmedia":[{"embeddable":true,"href":"https:\/\/alleegalerii.ee\/en\/wp-json\/wp\/v2\/media\/27711"}],"wp:attachment":[{"href":"https:\/\/alleegalerii.ee\/en\/wp-json\/wp\/v2\/media?parent=27710"}],"wp:term":[{"taxonomy":"project-cat","embeddable":true,"href":"https:\/\/alleegalerii.ee\/en\/wp-json\/wp\/v2\/project-cat?post=27710"}],"curies":[{"name":"wp","href":"https:\/\/api.w.org\/{rel}","templated":true}]}}