{"id":27466,"date":"2024-10-20T21:49:16","date_gmt":"2024-10-20T18:49:16","guid":{"rendered":"https:\/\/alleegalerii.ee\/?post_type=portfolio&#038;p=27466"},"modified":"2026-01-18T17:07:31","modified_gmt":"2026-01-18T15:07:31","slug":"aarne-miikmaa-vorumaa-motiiv-1941","status":"publish","type":"portfolio","link":"https:\/\/alleegalerii.ee\/en\/art-auctions\/aarne-miikmaa-vorumaa-motiiv-1941\/","title":{"rendered":"Aarne Miikmaa &#8220;V\u00f5rumaa motiiv&#8221;"},"content":{"rendered":"<h5>\u00d5li l\u00f5uendil. 1941.<br \/>\nAll paremal: A. MIIKMAA P\u00f6\u00f6rdel: A. MIIKMAA &#8220;V\u00f5rumaa motiiv&#8220;<\/h5>\n<p><span style=\"font-weight: 400;\">\u00dcliandeka, kuid noorelt lahkunud Aarne Miikmaa (kuni 1939 Harald Oskar Miikman, 1908-1942) teoseid on l\u00fchikeseks j\u00e4\u00e4nud loometee t\u00f5ttu s\u00e4ilinud v\u00e4he ning neidki peamiselt portreemaali vallas. K\u00e4rdlast p\u00e4rit poiss asus juba 14-aastasena \u00f5ppima Ants Laikmaa ateljeekoolis, kus meister Laikmaa isiklikult ta enda tiiva alla v\u00f5ttis, pidas teda \u00fclal ja v\u00f5imaldas l\u00f5petada Tallinna poeglaste g\u00fcmnaasiumi. Aastail 1931-34 \u00f5ppis Miikmaa Tartu \u00dclikoolis filosoofiat ja kunstiajalugu ning veel \u00f5pingute ajal asus tudeerima maali ka Pallases, mille l\u00f5petas Ado Vabbe \u00f5pilasena 1938. aastal. Miikmaa armastas pehmeid ja sumedaid valgusvarju \u00fcleminekuid, pigem \u00f5rnalt summutatud v\u00e4rvitoone, mis annavad t\u00f6\u00f6dele romantilise varjundi ning just seet\u00f5ttu on lisaks Hoffmannile ka teda nimetatud Eestimaa Rembrandtiks.\u00a0<\/span><\/p>\n<p><span style=\"font-weight: 400;\">Olulise avastusena on v\u00e4lja ilmunud ja s\u00e4ilinud tema 1941. aasta Tallinna Kunstihoone kevadn\u00e4itusel esinenud v\u00f5imsat looduselamust kujutav \u201cV\u00f5rumaa motiiv\u201d, mis osteti kohe n\u00e4ituselt erakogusse ning asus seal siiani. V\u00e4ga suure t\u00f5en\u00e4osusega on k\u00e4esolev teos identne Tartu Kunstimuuseumis 1969. aastal korraldatud Aarne Miikmaa n\u00e4ituse kataloogis fikseeritud maaliga \u201cV\u00f5rumaa maastik m\u00e4eveeruga\u201d (1941, \u00f5li, l\u00f5uend, 58,5 X 70,5; kataloogi nimestik nr. 95). Lisaks on teos fikseeritud \u00fclalmainitud kevadn\u00e4ituse kataloogiosas teosena nr 58.\u00a0<\/span><\/p>\n<p><span style=\"font-weight: 400;\">Miikmaa on siin virtuooslikult \u00f5limaali \u00fcle kandnud pastelli h\u00e4muse olemuse &#8211; laad, mis v\u00f5imaldas kunstnikul V\u00f5rumaa maastiku kumerusi ja voolavust nii sulnilt edasi anda. N\u00f5lval asuvad majadki moodustavad harmoonilise osa \u00fcmbritsevaga, sulades peaaegu \u00fcheks taamal laiuva metsaga. Paremalt l\u00e4heneva vihmapilvega r\u00f5hutab ta looduse \u00fclemv\u00f5imu ning annab edasi eheda looduskogemuse, kus m\u00e4rkame valguse muutumist &#8211; maali vasakul k\u00fcljel k\u00fcmbleb maastik veel heledas kumas, paremalt aga langeb maale \u00e4hvardav vari. Kuna 1941. aasta suvel haigestus kunstnik tuberkuloosi, millesse suri 1942. aasta esimestel p\u00e4evadel, j\u00e4id sellele eelnenud kevadsuvel valminud pehmete vormidega L\u00f5una-Eesti maastikud, sh k\u00e4esolev teos andeka kunstniku viimasteks t\u00f6\u00f6deks.\u00a0<\/span><\/p>\n<p style=\"text-align: right;\"><span style=\"font-weight: 400;\">Tekst: Mai Levin, Katre Palm<\/span><\/p>\n","protected":false},"excerpt":{"rendered":"<p>\u00d5li l\u00f5uendil. 1941. All paremal: A. MIIKMAA P\u00f6\u00f6rdel: A. MIIKMAA &#8220;V\u00f5rumaa motiiv&#8220; \u00dcliandeka, kuid noorelt lahkunud Aarne Miikmaa (kuni 1939<\/p>\n","protected":false},"featured_media":27473,"menu_order":905,"comment_status":"closed","ping_status":"closed","template":"","project-cat":[331],"class_list":["post-27466","portfolio","type-portfolio","status-publish","has-post-thumbnail","hentry","project-cat-sugisoksjon-2024"],"acf":[],"_links":{"self":[{"href":"https:\/\/alleegalerii.ee\/en\/wp-json\/wp\/v2\/portfolio\/27466","targetHints":{"allow":["GET"]}}],"collection":[{"href":"https:\/\/alleegalerii.ee\/en\/wp-json\/wp\/v2\/portfolio"}],"about":[{"href":"https:\/\/alleegalerii.ee\/en\/wp-json\/wp\/v2\/types\/portfolio"}],"replies":[{"embeddable":true,"href":"https:\/\/alleegalerii.ee\/en\/wp-json\/wp\/v2\/comments?post=27466"}],"wp:featuredmedia":[{"embeddable":true,"href":"https:\/\/alleegalerii.ee\/en\/wp-json\/wp\/v2\/media\/27473"}],"wp:attachment":[{"href":"https:\/\/alleegalerii.ee\/en\/wp-json\/wp\/v2\/media?parent=27466"}],"wp:term":[{"taxonomy":"project-cat","embeddable":true,"href":"https:\/\/alleegalerii.ee\/en\/wp-json\/wp\/v2\/project-cat?post=27466"}],"curies":[{"name":"wp","href":"https:\/\/api.w.org\/{rel}","templated":true}]}}