{"id":27073,"date":"2024-10-26T13:41:29","date_gmt":"2024-10-26T10:41:29","guid":{"rendered":"https:\/\/alleegalerii.ee\/?post_type=portfolio&#038;p=27073"},"modified":"2026-01-24T18:19:11","modified_gmt":"2026-01-24T16:19:11","slug":"ilmar-kruusamae-roheline-lumi-priidu-beieri-portree","status":"publish","type":"portfolio","link":"https:\/\/alleegalerii.ee\/en\/art-auctions\/ilmar-kruusamae-roheline-lumi-priidu-beieri-portree\/","title":{"rendered":"Ilmar Kruusam\u00e4e &#8220;Roheline lumi (Priidu Beieri portree)&#8221;"},"content":{"rendered":"<h5>\u00d5li l\u00f5uendil. 1989-1993.<br \/>\nAll paremas \u00e4\u00e4res: Ilmar Kruusam\u00e4e 89.-93<br \/>\nP\u00f6\u00f6rdel alusraamil: Ilmar Kruusam\u00e4e (s. 1957) ROHELINE LUMI (PRIIDU BEIERI PORTREE) 1989-93. \u00d5li l\u00f5uend 61,5&#215;45 cm<\/h5>\n<p><span style=\"font-weight: 400;\">Ilmar Kruusam\u00e4e (s. 1957) auhindade pagasisse kuulub eesti kunstimaailma auv\u00e4\u00e4rseim, Kristjan Raua preemia, mille ta p\u00e4lvis 2008. aastal oma portreede sarja \u201cIlmari inimesed\u201d eest. Oskus pintsli abil v\u00e4lja tuua modelli iseloom, sisemised v\u00e4\u00e4rtused ja vaim, anda edasi tema karakteri v\u00e4ljapaistvamaid jooni, on p\u00f5hjused, miks v\u00f5ime teda pidada t\u00e4nap\u00e4eva \u00fcheks olulisemaks portretistiks.<\/span><\/p>\n<p><span style=\"font-weight: 400;\">Kruusam\u00e4e portree poeet Priidu Beierist on kongeniaalne: h\u00fcperrealistlik portree naturalismi ja agulipoeesiat armastavast luuletajast. Nii kunstnik kui poeet on tartlased-p\u00f5lvkonnakaaslased ja see annab maalile kontekstuaalse lisat\u00e4henduse. M\u00f5lemad on osa v\u00f5tnud ka Tartu \u00dclikooli Kunstikabineti legendaarse s\u00f5prusringi tegevusest aastail 1979-1984.\u00a0<\/span><\/p>\n<p><span style=\"font-weight: 400;\">Visuaalsest k\u00fcljest &#8211; pruunikashall koloriit, unistuslikult boheemne linnakeskkond &#8211; peab portree dialoogi 1920. aastate l\u00f5pu &#8211; 1930. aastate alguse uusasjaliku maalikunstiga, asetades Beieri justkui Eesti-aegsesse olustikku. Ning \u00fcks v\u00e4heseid Kruusam\u00e4e kultuuritegelaste portreid, millel kujutatav on asetatud konkreetsesse keskkonda.<\/span><\/p>\n<p style=\"text-align: right;\"><span style=\"font-weight: 400;\">Tekst: Harry Liivrand, Katre Palm<\/span><\/p>\n","protected":false},"excerpt":{"rendered":"<p>\u00d5li l\u00f5uendil. 1989-1993. All paremas \u00e4\u00e4res: Ilmar Kruusam\u00e4e 89.-93 P\u00f6\u00f6rdel alusraamil: Ilmar Kruusam\u00e4e (s. 1957) ROHELINE LUMI (PRIIDU BEIERI PORTREE)<\/p>\n","protected":false},"featured_media":27082,"menu_order":1039,"comment_status":"closed","ping_status":"closed","template":"","project-cat":[331],"class_list":["post-27073","portfolio","type-portfolio","status-publish","has-post-thumbnail","hentry","project-cat-sugisoksjon-2024"],"acf":[],"_links":{"self":[{"href":"https:\/\/alleegalerii.ee\/en\/wp-json\/wp\/v2\/portfolio\/27073","targetHints":{"allow":["GET"]}}],"collection":[{"href":"https:\/\/alleegalerii.ee\/en\/wp-json\/wp\/v2\/portfolio"}],"about":[{"href":"https:\/\/alleegalerii.ee\/en\/wp-json\/wp\/v2\/types\/portfolio"}],"replies":[{"embeddable":true,"href":"https:\/\/alleegalerii.ee\/en\/wp-json\/wp\/v2\/comments?post=27073"}],"wp:featuredmedia":[{"embeddable":true,"href":"https:\/\/alleegalerii.ee\/en\/wp-json\/wp\/v2\/media\/27082"}],"wp:attachment":[{"href":"https:\/\/alleegalerii.ee\/en\/wp-json\/wp\/v2\/media?parent=27073"}],"wp:term":[{"taxonomy":"project-cat","embeddable":true,"href":"https:\/\/alleegalerii.ee\/en\/wp-json\/wp\/v2\/project-cat?post=27073"}],"curies":[{"name":"wp","href":"https:\/\/api.w.org\/{rel}","templated":true}]}}