{"id":26815,"date":"2024-10-21T17:16:16","date_gmt":"2024-10-21T14:16:16","guid":{"rendered":"https:\/\/alleegalerii.ee\/?post_type=portfolio&#038;p=26815"},"modified":"2026-01-19T18:55:57","modified_gmt":"2026-01-19T16:55:57","slug":"mari-kurismaa-eilne-maailm-2-2020-150-x-135-cm","status":"publish","type":"portfolio","link":"https:\/\/alleegalerii.ee\/en\/art-auctions\/mari-kurismaa-eilne-maailm-2-2020-150-x-135-cm\/","title":{"rendered":"Mari Kurismaa &#8220;Eilne maailm 2&#8221;"},"content":{"rendered":"<h5>\u00d5li l\u00f5uendil. 2020.<br \/>\nP\u00f6\u00f6rdel: MARI KURISMAA EILNE MAAILM 2 2020<\/h5>\n<p><span style=\"font-weight: 400;\">Hinnatud maalikunstnik ja sisearhitekt Mari Kurismaa (s. 1956) on muuhulgas kujundanud arvukalt prestii\u017eseid kunstin\u00e4ituseid, \u00fchena viimastest k\u00e4esoleva aasta oktoobris avatud \u201cSooster 100. Vaade erakogudest\u201d Mikkeli muuseumis. 2025. aasta s\u00fcgisel j\u00f5uab Kumus aga vaataja ette tema enda retrospektiivn\u00e4itus, mis tutvustab kunstniku gurmaanselt \u00f5rna esteetikat loometee algusest 1970ndatel kuni t\u00e4nap\u00e4evani.\u00a0<\/span><\/p>\n<p><span style=\"font-weight: 400;\">2021. aastal Tallinna Kunstihoone n\u00e4itusel \u201cSirja Liisa Eelmaa ja Mari Kurismaa. Korduvad mustrid\u201d (kuraator Tamara Luuk) eksponeeritud teos \u201cEilne maailm 2\u201d ei sattunud juhuslikult sama n\u00e4ituse kaanepildiks &#8211; selle \u00f5rnad, tagasihoidlikud, ent ometi eneseteadlikud jooned iseloomustavad h\u00e4sti ka kunstnikku ennast, kes on end kirjeldanud kui tuulena enda staatilistes maastikes. \u201cMustrid on mind lapsest peale lummanud, mulle tundub nendes olevat erilist v\u00f5lu ja tarkust ja samamoodi on lugu nende rohuk\u00f5rte ja lehtedega,\u201d selgitab Kurismaa intervjuus kuraatorile. \u201cNeed on mul m\u00f5lemad olnud vanad armastused\u201d. (<\/span><a href=\"https:\/\/www.kunstihoone.ee\/programm\/korduvad-mustrid\/#gallery\"><span style=\"font-weight: 400;\">https:\/\/www.kunstihoone.ee\/programm\/korduvad-mustrid\/#gallery<\/span><\/a><span style=\"font-weight: 400;\">)\u00a0<\/span><\/p>\n<p><span style=\"font-weight: 400;\">Kunstnik Mall Nukke leiab teosest idamaade m\u00f5jutusi: \u201cMari Kurismaa esteetika on kindlasti inspireeritud Jaapani kunstist. V\u00e4rvide hillitsetud olek, \u00f5rnad pooltoonid, teose kompositsiooniline jaotamine, arvestades universaalset kuldl\u00f5iget (divine ratio), see k\u00f5ik viitab suurep\u00e4rasele maalija-tundlikkusele. Inimlik ruumijaotus ja taimne s\u00fcstematiseeritus moodustavad rahuliku ja m\u00f5tliku maaliruumi.\u201d<\/span><\/p>\n<p><span style=\"font-weight: 400;\">Mari Kurismaa on lisaks maalikunsti alastele auhindadele p\u00e4lvinud ka sisearhitektuuri preemiaid, millest \u00fcks viimaseid oli Eesti \u00fche kauneima, Eisma sadama hoone sisekujunduse eest (koos Indrek Allmanniga, 2015).\u00a0<\/span><\/p>\n<p style=\"text-align: right;\"><span style=\"font-weight: 400;\">Tekst: Katre Palm, Mall Nukke<\/span><\/p>\n","protected":false},"excerpt":{"rendered":"<p>\u00d5li l\u00f5uendil. 2020. P\u00f6\u00f6rdel: MARI KURISMAA EILNE MAAILM 2 2020 Hinnatud maalikunstnik ja sisearhitekt Mari Kurismaa (s. 1956) on muuhulgas<\/p>\n","protected":false},"featured_media":26816,"menu_order":933,"comment_status":"closed","ping_status":"closed","template":"","project-cat":[331],"class_list":["post-26815","portfolio","type-portfolio","status-publish","has-post-thumbnail","hentry","project-cat-sugisoksjon-2024"],"acf":[],"_links":{"self":[{"href":"https:\/\/alleegalerii.ee\/en\/wp-json\/wp\/v2\/portfolio\/26815","targetHints":{"allow":["GET"]}}],"collection":[{"href":"https:\/\/alleegalerii.ee\/en\/wp-json\/wp\/v2\/portfolio"}],"about":[{"href":"https:\/\/alleegalerii.ee\/en\/wp-json\/wp\/v2\/types\/portfolio"}],"replies":[{"embeddable":true,"href":"https:\/\/alleegalerii.ee\/en\/wp-json\/wp\/v2\/comments?post=26815"}],"wp:featuredmedia":[{"embeddable":true,"href":"https:\/\/alleegalerii.ee\/en\/wp-json\/wp\/v2\/media\/26816"}],"wp:attachment":[{"href":"https:\/\/alleegalerii.ee\/en\/wp-json\/wp\/v2\/media?parent=26815"}],"wp:term":[{"taxonomy":"project-cat","embeddable":true,"href":"https:\/\/alleegalerii.ee\/en\/wp-json\/wp\/v2\/project-cat?post=26815"}],"curies":[{"name":"wp","href":"https:\/\/api.w.org\/{rel}","templated":true}]}}