{"id":26763,"date":"2024-10-21T00:07:10","date_gmt":"2024-10-20T21:07:10","guid":{"rendered":"https:\/\/alleegalerii.ee\/?post_type=portfolio&#038;p=26763"},"modified":"2026-01-19T17:19:55","modified_gmt":"2026-01-19T15:19:55","slug":"mall-nukke-helid-2021","status":"publish","type":"portfolio","link":"https:\/\/alleegalerii.ee\/en\/art-auctions\/mall-nukke-helid-2021\/","title":{"rendered":"Mall Nukke &#8220;Helid&#8221;"},"content":{"rendered":"<h5>Kollaa\u017e, akr\u00fc\u00fcl. 2021.<br \/>\nKeskel paremal: MN &#8216;2021<br \/>\nP\u00f6\u00f6rdel: &#8220;HELID&#8220; KOLLAAZ. AKR\u00dc\u00dcLMAAL MALL NUKKE &#8216;2021<\/h5>\n<p><span style=\"font-weight: 400;\">Mall Nukke (s. 1964) \u201eHelid\u201c on t\u00e4is muusikat pealkirjast p\u00e4rliteni ning seda s\u00f5na otseses m\u00f5ttes, sest kunstniku n\u00e4gemuses s\u00fcmboliseerivad kee p\u00e4rlmuterjad kerad puhtaid helikilde, mis keena muusikapala r\u00fctmiliselt kokku seovad, ent purunedes spontaansete helis\u00e4hvatustega improvisatsioone loovad.<\/span><\/p>\n<p><span style=\"font-weight: 400;\">Kunstnik on k\u00e4esoleva teose kohta ise \u00f6elnud: \u201eArmastan v\u00e4ga visualiseerida. Kollaa\u017ei puhul pead k\u00f5ik \u00e4ra m\u00f5testama, muidu pole seda v\u00f5imalik teha. Iga viimne pilt on siin m\u00f5tetesse pandud ja vastupidi\u201c r\u00e4\u00e4gib kunstnik t\u00f6\u00f6 s\u00fcnniloost. \u201eTeose \u00fclaserva paigutasin dirigendi, kui orkestri kooshoidja, all\u00e4\u00e4rde aga esimese viiuli. Tahtsin kompositsioonis kasutada vanu noodilehti, mida olin ostnud t\u00fctrele, kes \u00f5ppis kunagi fl\u00f6\u00f6ti ning minu meelest sattus sellele teosele Beethoven. Barokne lainetus aga r\u00f5hutab klassikalise muusika v\u00f5luvat voolavust.&#8221;<\/span><\/p>\n<p>K\u00e4esoleva teosega t\u00e4histame Mall Nukke 60. juubeliaastat.<\/p>\n<p style=\"text-align: right;\"><span style=\"font-weight: 400;\">Tekst: Katre Palm<\/span><\/p>\n","protected":false},"excerpt":{"rendered":"<p>Kollaa\u017e, akr\u00fc\u00fcl. 2021. Keskel paremal: MN &#8216;2021 P\u00f6\u00f6rdel: &#8220;HELID&#8220; KOLLAAZ. AKR\u00dc\u00dcLMAAL MALL NUKKE &#8216;2021 Mall Nukke (s. 1964) \u201eHelid\u201c on<\/p>\n","protected":false},"featured_media":26764,"menu_order":917,"comment_status":"closed","ping_status":"closed","template":"","project-cat":[331],"class_list":["post-26763","portfolio","type-portfolio","status-publish","has-post-thumbnail","hentry","project-cat-sugisoksjon-2024"],"acf":[],"_links":{"self":[{"href":"https:\/\/alleegalerii.ee\/en\/wp-json\/wp\/v2\/portfolio\/26763","targetHints":{"allow":["GET"]}}],"collection":[{"href":"https:\/\/alleegalerii.ee\/en\/wp-json\/wp\/v2\/portfolio"}],"about":[{"href":"https:\/\/alleegalerii.ee\/en\/wp-json\/wp\/v2\/types\/portfolio"}],"replies":[{"embeddable":true,"href":"https:\/\/alleegalerii.ee\/en\/wp-json\/wp\/v2\/comments?post=26763"}],"wp:featuredmedia":[{"embeddable":true,"href":"https:\/\/alleegalerii.ee\/en\/wp-json\/wp\/v2\/media\/26764"}],"wp:attachment":[{"href":"https:\/\/alleegalerii.ee\/en\/wp-json\/wp\/v2\/media?parent=26763"}],"wp:term":[{"taxonomy":"project-cat","embeddable":true,"href":"https:\/\/alleegalerii.ee\/en\/wp-json\/wp\/v2\/project-cat?post=26763"}],"curies":[{"name":"wp","href":"https:\/\/api.w.org\/{rel}","templated":true}]}}