{"id":2307,"date":"2021-03-06T19:24:14","date_gmt":"2021-03-06T17:24:14","guid":{"rendered":"https:\/\/alleegalerii.ee\/?post_type=portfolio&#038;p=2307"},"modified":"2021-12-01T16:11:01","modified_gmt":"2021-12-01T14:11:01","slug":"aleksander-remmel-akt-kulgvaates-1949-915-x-645-cm","status":"publish","type":"portfolio","link":"https:\/\/alleegalerii.ee\/en\/art-auctions\/aleksander-remmel-akt-kulgvaates-1949-915-x-645-cm\/","title":{"rendered":"Aleksander Remmel &#8220;Akt k\u00fclgvaates&#8221;, 1949. 91,5 x 64,5 cm."},"content":{"rendered":"<div class=\"wpb-content-wrapper\"><p>[vc_row equal_height=&#8221;yes&#8221; mobile_bg_img_hidden=&#8221;no&#8221; tablet_bg_img_hidden=&#8221;no&#8221; woodmart_parallax=&#8221;0&#8243; woodmart_gradient_switch=&#8221;no&#8221; row_reverse_mobile=&#8221;0&#8243; row_reverse_tablet=&#8221;0&#8243; woodmart_disable_overflow=&#8221;0&#8243;][vc_column width=&#8221;2\/3&#8243;][vc_single_image image=&#8221;2308&#8243; img_size=&#8221;full&#8221; parallax_scroll=&#8221;no&#8221;][vc_single_image image=&#8221;2309&#8243; img_size=&#8221;full&#8221; parallax_scroll=&#8221;no&#8221;][vc_single_image image=&#8221;2310&#8243; img_size=&#8221;full&#8221; parallax_scroll=&#8221;no&#8221;][vc_single_image image=&#8221;2311&#8243; img_size=&#8221;full&#8221; parallax_scroll=&#8221;no&#8221;][\/vc_column][vc_column width=&#8221;1\/3&#8243; mobile_bg_img_hidden=&#8221;no&#8221; tablet_bg_img_hidden=&#8221;no&#8221; woodmart_parallax=&#8221;0&#8243; woodmart_sticky_column=&#8221;true&#8221; parallax_scroll=&#8221;no&#8221; mobile_reset_margin=&#8221;no&#8221; tablet_reset_margin=&#8221;no&#8221;][vc_column_text text_larger=&#8221;yes&#8221; css=&#8221;.vc_custom_1615050528514{margin-bottom: 0px !important;}&#8221;]<\/p>\n<h2 style=\"font-size: 35px;\">Aleksander Remmel \u201cAkt k\u00fclgvaates\u201d<\/h2>\n<p>[\/vc_column_text][vc_custom_heading text=&#8221;KEVADOKSJON 2021<\/p>\n<p>\u00d5li, kartong. 1949.<br \/>\nAll paremal: Remmel 49.&#8221; font_container=&#8221;tag:h5|text_align:left&#8221; use_theme_fonts=&#8221;yes&#8221;][vc_column_text text_larger=&#8221;no&#8221;][\/vc_column_text][vc_column_text text_larger=&#8221;no&#8221;]<\/p>\n<table>\n<tbody>\n<tr>\n<th>M\u00f5\u00f5dud<\/th>\n<td style=\"text-align: right;\">91,5 x 64,5 cm<\/td>\n<\/tr>\n<tr>\n<th>Alghind<\/th>\n<td style=\"text-align: right;\">\u00a02700 EUR<\/td>\n<\/tr>\n<\/tbody>\n<\/table>\n<p>[\/vc_column_text][vc_column_text text_larger=&#8221;no&#8221;]Aleksander Remmel (1898-1982) l\u00f5petas 1917 Rakvere \u00d5petajate Seminari ning \u00f5ppis kunstikoolis Pallas 1920-1923, mille l\u00f5petas joonistus\u00f5petaja kutsega. 12 aastat hiljem astus Remmel uuesti Pallasesse maali erialale, mille omakorda l\u00f5petas 1937 Ado Vabbe k\u00e4e all.<\/p>\n<p>1951-1962 oli Remmel Tartu Kunstikooli direktor, peale mida suundus 15 aastaks ENSV Haridusministeeriumi kunstikasvatuse komisjoni esimehe ametikohale. Remmel oli ka paljude kunsti\u00f5pikute ja \u00fcldhariduskoolide kunsti\u00f5petuse programmide koostaja. Tema kirglik armastus maalimise vastu kestis kogu elu.<\/p>\n<p>Aleksander Remmel oli klassikalise pallasliku koolkonna esindaja. Oksjonil olev maal &#8220;Akt k\u00fclgvaates&#8221; aastast 1949 on maalitud vaatamata karmile ajale eht pallaslikus stiilis ja koloriidis.[\/vc_column_text][\/vc_column][\/vc_row]<\/p>\n<\/div>","protected":false},"excerpt":{"rendered":"<p>[vc_row equal_height=&#8221;yes&#8221; mobile_bg_img_hidden=&#8221;no&#8221; tablet_bg_img_hidden=&#8221;no&#8221; woodmart_parallax=&#8221;0&#8243; woodmart_gradient_switch=&#8221;no&#8221; row_reverse_mobile=&#8221;0&#8243; row_reverse_tablet=&#8221;0&#8243; woodmart_disable_overflow=&#8221;0&#8243;][vc_column width=&#8221;2\/3&#8243;][vc_single_image image=&#8221;2308&#8243; img_size=&#8221;full&#8221; parallax_scroll=&#8221;no&#8221;][vc_single_image image=&#8221;2309&#8243; img_size=&#8221;full&#8221; parallax_scroll=&#8221;no&#8221;][vc_single_image image=&#8221;2310&#8243; img_size=&#8221;full&#8221; parallax_scroll=&#8221;no&#8221;][vc_single_image image=&#8221;2311&#8243;<\/p>\n","protected":false},"featured_media":2309,"menu_order":2056,"comment_status":"closed","ping_status":"closed","template":"","project-cat":[65],"class_list":["post-2307","portfolio","type-portfolio","status-publish","has-post-thumbnail","hentry","project-cat-kevadoksjon-2021"],"acf":[],"_links":{"self":[{"href":"https:\/\/alleegalerii.ee\/en\/wp-json\/wp\/v2\/portfolio\/2307","targetHints":{"allow":["GET"]}}],"collection":[{"href":"https:\/\/alleegalerii.ee\/en\/wp-json\/wp\/v2\/portfolio"}],"about":[{"href":"https:\/\/alleegalerii.ee\/en\/wp-json\/wp\/v2\/types\/portfolio"}],"replies":[{"embeddable":true,"href":"https:\/\/alleegalerii.ee\/en\/wp-json\/wp\/v2\/comments?post=2307"}],"wp:featuredmedia":[{"embeddable":true,"href":"https:\/\/alleegalerii.ee\/en\/wp-json\/wp\/v2\/media\/2309"}],"wp:attachment":[{"href":"https:\/\/alleegalerii.ee\/en\/wp-json\/wp\/v2\/media?parent=2307"}],"wp:term":[{"taxonomy":"project-cat","embeddable":true,"href":"https:\/\/alleegalerii.ee\/en\/wp-json\/wp\/v2\/project-cat?post=2307"}],"curies":[{"name":"wp","href":"https:\/\/api.w.org\/{rel}","templated":true}]}}