{"id":14433,"date":"2023-11-02T22:53:58","date_gmt":"2023-11-02T20:53:58","guid":{"rendered":"https:\/\/alleegalerii.ee\/?post_type=portfolio&#038;p=14433"},"modified":"2026-02-14T20:51:35","modified_gmt":"2026-02-14T18:51:35","slug":"eduard-wiiralt-viljandi-maastik-1943-plm-395-x-644-cm","status":"publish","type":"portfolio","link":"https:\/\/alleegalerii.ee\/en\/art-auctions\/eduard-wiiralt-viljandi-maastik-1943-plm-395-x-644-cm\/","title":{"rendered":"Eduard Wiiralt &#8220;Viljandi maastik&#8221;, 1943. Plm 39,5 x 64,4 cm."},"content":{"rendered":"<div class=\"wpb-content-wrapper\"><p>[vc_row equal_height=&#8221;yes&#8221; mobile_bg_img_hidden=&#8221;no&#8221; tablet_bg_img_hidden=&#8221;no&#8221; woodmart_parallax=&#8221;0&#8243; woodmart_gradient_switch=&#8221;no&#8221; row_reverse_mobile=&#8221;0&#8243; row_reverse_tablet=&#8221;0&#8243; woodmart_disable_overflow=&#8221;0&#8243;][vc_column width=&#8221;2\/3&#8243;][vc_single_image image=&#8221;14441&#8243; img_size=&#8221;full&#8221; woodmart_inline=&#8221;no&#8221; parallax_scroll=&#8221;no&#8221;][vc_single_image image=&#8221;14449&#8243; img_size=&#8221;full&#8221; woodmart_inline=&#8221;no&#8221; parallax_scroll=&#8221;no&#8221;][vc_single_image image=&#8221;14438&#8243; img_size=&#8221;full&#8221; woodmart_inline=&#8221;no&#8221; parallax_scroll=&#8221;no&#8221;][vc_single_image image=&#8221;14439&#8243; img_size=&#8221;full&#8221; woodmart_inline=&#8221;no&#8221; parallax_scroll=&#8221;no&#8221;][vc_single_image image=&#8221;14437&#8243; img_size=&#8221;full&#8221; woodmart_inline=&#8221;no&#8221; parallax_scroll=&#8221;no&#8221;][vc_single_image image=&#8221;14440&#8243; img_size=&#8221;full&#8221; woodmart_inline=&#8221;no&#8221; parallax_scroll=&#8221;no&#8221;][\/vc_column][vc_column width=&#8221;1\/3&#8243; mobile_bg_img_hidden=&#8221;no&#8221; tablet_bg_img_hidden=&#8221;no&#8221; woodmart_parallax=&#8221;0&#8243; woodmart_sticky_column=&#8221;true&#8221; parallax_scroll=&#8221;no&#8221; mobile_reset_margin=&#8221;no&#8221; tablet_reset_margin=&#8221;no&#8221;][vc_column_text text_larger=&#8221;yes&#8221; css=&#8221;.vc_custom_1698924664483{margin-bottom: 0px !important;}&#8221; woodmart_inline=&#8221;no&#8221;]<\/p>\n<h2 style=\"font-size: 35px;\">Eduard Wiiralt &#8220;Viljandi maastik&#8221;<\/h2>\n<p>[\/vc_column_text][vc_custom_heading text=&#8221;S\u00dcGISOKSJON 2023<\/p>\n<p>Kuivn\u00f5el. 1943.<br \/>\nPlaadil all vasakul: E Wiiralt Viljandi 1943<br \/>\nP\u00f6\u00f6rdel: 18 V 1951 ja Eesti komitee kinnitus&#8221; font_container=&#8221;tag:h5|text_align:left&#8221; use_theme_fonts=&#8221;yes&#8221;][vc_column_text text_larger=&#8221;no&#8221;][\/vc_column_text][vc_column_text text_larger=&#8221;no&#8221; woodmart_inline=&#8221;no&#8221;]<\/p>\n<table>\n<tbody>\n<tr>\n<th>M\u00f5\u00f5dud<\/th>\n<td style=\"text-align: right;\">plm 39.5 x 64.4 cm<\/td>\n<\/tr>\n<tr>\n<th>Alghind<\/th>\n<td style=\"text-align: right;\">\u00a0 9800 EUR<\/td>\n<\/tr>\n<\/tbody>\n<\/table>\n<p>[\/vc_column_text][vc_column_text text_larger=&#8221;no&#8221; woodmart_inline=&#8221;no&#8221;]<\/p>\n<table>\n<tbody>\n<tr>\n<th style=\"text-align: left;\">Pakkumisi<\/th>\n<td style=\"text-align: right;\">1<\/td>\n<\/tr>\n<tr>\n<th>Haamrihind<\/th>\n<td style=\"text-align: right;\">9800 EUR<\/td>\n<\/tr>\n<\/tbody>\n<\/table>\n<p>[\/vc_column_text][vc_column_text text_larger=&#8221;no&#8221; woodmart_inline=&#8221;no&#8221;]Eduard Wiiralti (1898-1954) \u00fcks tippteoseid \u201cViljandi maastik\u201d s\u00fcndis 1943. aasta suvel, mil kunstnik viibis Viljandimaal. Seda v\u00f5imsat puud, mida hiljem hakatigi tundma kui \u201cWiiralti tamme\u201d ning mis 1959. aastal looduskaitse alla v\u00f5eti, oli Wiiralt m\u00e4rganud juba ammu, kuid 7. augustil 1943 alustas ta l\u00f5puks selle graveerimist.<\/p>\n<p>See avar monumentaalne panoraam jutustab vaatajale kunstniku kiindumusest kodumaa ja selle k\u00f5ikv\u00f5imsa looduse vastu, \u00fchtlasi kujutab see Wiiralti omamoodi h\u00fcvastij\u00e4ttu Eestiga, sest s\u00f5jategevus j\u00e4rjest l\u00e4henes ning Tallinna pommitamise k\u00f5minat oli kuulda Viljandimaalegi.<\/p>\n<p>Wiiralt p\u00fchendas t\u00e4helepanu igale detailile antud t\u00f6\u00f6s, nii tegi ta eraldi kavandid nii vahustele pilvedele, neiule puu all kui maastikule tagaplaanil. Viimasega oli loodusel oma vimka m\u00e4ngida ja nii peksis \u00e4ge torm 13. augustil kogu vilja maha, kuid \u00f5nnistas seevastu j\u00e4rgmisi p\u00e4evi ideaalsete p\u00e4iksepaisteliste ilmadega. Nii sai Wiiralt peale maastikku j\u00e4tkata t\u00fcdruku viimistlemisega, milleks talle poseeris Tamme talu kostiline Maiu Kulisson. Talus k\u00fclas olnud teisest t\u00fctarlapsest Virvest, kelle s\u00fcgavad ja siirad silmad teda inspireerisid, tegi Wiiralt hiljem j\u00e4rgmise v\u00e4ga menuka ja t\u00e4hendusrikka teose.<\/p>\n<p>\u00dchtaegu id\u00fclliline ja samas dramaatiliselt rahutu \u201cViljandi maastik\u201d on kui s\u00fcmbol tollal Eestis valitsenud meeleoludele ning on Tamme-Koori tamme igaveseks Eesti kultuuri ajalukku kirjutanud.<\/p>\n<p>K\u00e4esolev t\u00f5mmis kuulus kuni 2006. aastani Eduard Wiiralti p\u00e4randit haldavale Stockholmi Eesti Komiteele. Teose autentsust kinnitab Sihtasutus Eduard Wiiralt.[\/vc_column_text][\/vc_column][\/vc_row]<\/p>\n<\/div>","protected":false},"excerpt":{"rendered":"<p>[vc_row equal_height=&#8221;yes&#8221; mobile_bg_img_hidden=&#8221;no&#8221; tablet_bg_img_hidden=&#8221;no&#8221; woodmart_parallax=&#8221;0&#8243; woodmart_gradient_switch=&#8221;no&#8221; row_reverse_mobile=&#8221;0&#8243; row_reverse_tablet=&#8221;0&#8243; woodmart_disable_overflow=&#8221;0&#8243;][vc_column width=&#8221;2\/3&#8243;][vc_single_image image=&#8221;14441&#8243; img_size=&#8221;full&#8221; woodmart_inline=&#8221;no&#8221; parallax_scroll=&#8221;no&#8221;][vc_single_image image=&#8221;14449&#8243; img_size=&#8221;full&#8221; woodmart_inline=&#8221;no&#8221; parallax_scroll=&#8221;no&#8221;][vc_single_image image=&#8221;14438&#8243; img_size=&#8221;full&#8221;<\/p>\n","protected":false},"featured_media":14436,"menu_order":1337,"comment_status":"closed","ping_status":"closed","template":"","project-cat":[98],"class_list":["post-14433","portfolio","type-portfolio","status-publish","has-post-thumbnail","hentry","project-cat-sugisoksjon-2023"],"acf":[],"_links":{"self":[{"href":"https:\/\/alleegalerii.ee\/en\/wp-json\/wp\/v2\/portfolio\/14433","targetHints":{"allow":["GET"]}}],"collection":[{"href":"https:\/\/alleegalerii.ee\/en\/wp-json\/wp\/v2\/portfolio"}],"about":[{"href":"https:\/\/alleegalerii.ee\/en\/wp-json\/wp\/v2\/types\/portfolio"}],"replies":[{"embeddable":true,"href":"https:\/\/alleegalerii.ee\/en\/wp-json\/wp\/v2\/comments?post=14433"}],"wp:featuredmedia":[{"embeddable":true,"href":"https:\/\/alleegalerii.ee\/en\/wp-json\/wp\/v2\/media\/14436"}],"wp:attachment":[{"href":"https:\/\/alleegalerii.ee\/en\/wp-json\/wp\/v2\/media?parent=14433"}],"wp:term":[{"taxonomy":"project-cat","embeddable":true,"href":"https:\/\/alleegalerii.ee\/en\/wp-json\/wp\/v2\/project-cat?post=14433"}],"curies":[{"name":"wp","href":"https:\/\/api.w.org\/{rel}","templated":true}]}}