{"id":14046,"date":"2023-10-30T10:15:01","date_gmt":"2023-10-30T08:15:01","guid":{"rendered":"https:\/\/alleegalerii.ee\/?post_type=portfolio&#038;p=14046"},"modified":"2026-02-13T19:04:02","modified_gmt":"2026-02-13T17:04:02","slug":"enn-poldroos-susanna-supleb-1996-85-x-75-cm","status":"publish","type":"portfolio","link":"https:\/\/alleegalerii.ee\/en\/art-auctions\/enn-poldroos-susanna-supleb-1996-85-x-75-cm\/","title":{"rendered":"Enn P\u00f5ldroos &#8220;Susanna supleb&#8221;, 1996. 85 x 75 cm."},"content":{"rendered":"<div class=\"wpb-content-wrapper\"><p>[vc_row equal_height=&#8221;yes&#8221; mobile_bg_img_hidden=&#8221;no&#8221; tablet_bg_img_hidden=&#8221;no&#8221; woodmart_parallax=&#8221;0&#8243; woodmart_gradient_switch=&#8221;no&#8221; row_reverse_mobile=&#8221;0&#8243; row_reverse_tablet=&#8221;0&#8243; woodmart_disable_overflow=&#8221;0&#8243;][vc_column width=&#8221;2\/3&#8243;][vc_single_image image=&#8221;14140&#8243; img_size=&#8221;full&#8221; woodmart_inline=&#8221;no&#8221; parallax_scroll=&#8221;no&#8221;][vc_single_image image=&#8221;14141&#8243; img_size=&#8221;full&#8221; woodmart_inline=&#8221;no&#8221; parallax_scroll=&#8221;no&#8221;][vc_single_image image=&#8221;14142&#8243; img_size=&#8221;full&#8221; woodmart_inline=&#8221;no&#8221; parallax_scroll=&#8221;no&#8221;][\/vc_column][vc_column width=&#8221;1\/3&#8243; mobile_bg_img_hidden=&#8221;no&#8221; tablet_bg_img_hidden=&#8221;no&#8221; woodmart_parallax=&#8221;0&#8243; woodmart_sticky_column=&#8221;true&#8221; parallax_scroll=&#8221;no&#8221; mobile_reset_margin=&#8221;no&#8221; tablet_reset_margin=&#8221;no&#8221;][vc_column_text text_larger=&#8221;yes&#8221; css=&#8221;.vc_custom_1698432887547{margin-bottom: 0px !important;}&#8221; woodmart_inline=&#8221;no&#8221;]<\/p>\n<h2 style=\"font-size: 35px;\">Enn P\u00f5ldroos &#8220;Susanna supleb&#8221;<\/h2>\n<p>[\/vc_column_text][vc_custom_heading text=&#8221;S\u00dcGISOKSJON 2023<\/p>\n<p>\u00d5li l\u00f5uendil. 1996.<br \/>\nAll paremal: Enn P\u00f5ldroos<br \/>\nP\u00f6\u00f6rdel alusraamil sildil: ENN P\u00d5LDROOS &#8220;SUSANNA SUPLEB&#8220; \u00f5li l. 85 x 75. 1996 a&#8221; font_container=&#8221;tag:h5|text_align:left&#8221; use_theme_fonts=&#8221;yes&#8221;][vc_column_text text_larger=&#8221;no&#8221;][\/vc_column_text][vc_column_text text_larger=&#8221;no&#8221; woodmart_inline=&#8221;no&#8221;]<\/p>\n<table>\n<tbody>\n<tr>\n<th>M\u00f5\u00f5dud<\/th>\n<td style=\"text-align: right;\">85 x 75 cm<\/td>\n<\/tr>\n<tr>\n<th>Alghind<\/th>\n<td style=\"text-align: right;\">\u00a0 6800 EUR<\/td>\n<\/tr>\n<\/tbody>\n<\/table>\n<p>[\/vc_column_text][vc_column_text text_larger=&#8221;no&#8221; woodmart_inline=&#8221;no&#8221;]<\/p>\n<table>\n<tbody>\n<tr>\n<th style=\"text-align: left;\">Pakkumisi<\/th>\n<td style=\"text-align: right;\">12<\/td>\n<\/tr>\n<tr>\n<th>Haamrihind<\/th>\n<td style=\"text-align: right;\">8800 EUR<\/td>\n<\/tr>\n<\/tbody>\n<\/table>\n<p>[\/vc_column_text][vc_column_text text_larger=&#8221;no&#8221; woodmart_inline=&#8221;no&#8221;]<span style=\"font-weight: 400;\">Maalija Enn P\u00f5ldroos oskab leida inspiratsiooni nii inimestest enda \u00fcmber, loodusest kui piiblist. Viimasest ainest saanud maale eksponeeriti lausa eraldi n\u00e4itusel tema Viljandi majamuuseumis. P\u00f5ldroos ise on seda p\u00f5hjendanud nii: \u201cPiibel sisaldab hulganisti lugusid, mis oma sugestiivsuselt ja v\u00f5imsuselt oleksid ehk t\u00e4nap\u00e4eva m\u00f5\u00f5dupuude j\u00e4rgi v\u00f5rreldavad n\u00e4iteks Gabriel Garc\u00eda M\u00e1rquezi s\u00f5naj\u00f5uga.\u201d (https:\/\/kultuur.err.ee\/306811\/enn-poldroos-uurib-piibli-varjatud-seoseid)<\/span><\/p>\n<p><span style=\"font-weight: 400;\">K\u00e4esolevas t\u00f6\u00f6s interpreteerib kunstnik nii Rubensi kui Rembrandti poolt maailma kunstiklassikasse maalitud teost \u201cSusanna supleb\u201d, kuid motiiv on P\u00f5ldroosile vaid ettek\u00e4\u00e4ne demonstreerimaks oma virtuoosseid v\u00f5imeid erinevate v\u00e4rvitoonide kokkusobitamiseks, sest teemale l\u00e4henedes ei l\u00e4htu ta klassikalisest kaanonist. Tulemus m\u00f5jub samaaegselt v\u00f5luvalt, esteetiliselt ja justkui \u00f5pikun\u00e4itena k\u00f5rgetasemelisest modernistlikust maalist. Puhas v\u00e4rvir\u00f5\u00f5m kohtub selles t\u00f6\u00f6s erootilise kujundlikkusega, esitades ikka maalikunstile igavikulisi k\u00fcsimusi v\u00e4rvist ja kompositsioonist, mis <\/span><span style=\"font-weight: 400;\">P\u00f5ldroosi n\u00e4gemuses on temperamentselt ekspressionistlik ja samas m\u00f5istuslikult kontrollitud. <\/span>[\/vc_column_text][\/vc_column][\/vc_row]<\/p>\n<\/div>","protected":false},"excerpt":{"rendered":"<p>[vc_row equal_height=&#8221;yes&#8221; mobile_bg_img_hidden=&#8221;no&#8221; tablet_bg_img_hidden=&#8221;no&#8221; woodmart_parallax=&#8221;0&#8243; woodmart_gradient_switch=&#8221;no&#8221; row_reverse_mobile=&#8221;0&#8243; row_reverse_tablet=&#8221;0&#8243; woodmart_disable_overflow=&#8221;0&#8243;][vc_column width=&#8221;2\/3&#8243;][vc_single_image image=&#8221;14140&#8243; img_size=&#8221;full&#8221; woodmart_inline=&#8221;no&#8221; parallax_scroll=&#8221;no&#8221;][vc_single_image image=&#8221;14141&#8243; img_size=&#8221;full&#8221; woodmart_inline=&#8221;no&#8221; parallax_scroll=&#8221;no&#8221;][vc_single_image image=&#8221;14142&#8243; img_size=&#8221;full&#8221;<\/p>\n","protected":false},"featured_media":14139,"menu_order":1301,"comment_status":"closed","ping_status":"closed","template":"","project-cat":[98],"class_list":["post-14046","portfolio","type-portfolio","status-publish","has-post-thumbnail","hentry","project-cat-sugisoksjon-2023"],"acf":[],"_links":{"self":[{"href":"https:\/\/alleegalerii.ee\/en\/wp-json\/wp\/v2\/portfolio\/14046","targetHints":{"allow":["GET"]}}],"collection":[{"href":"https:\/\/alleegalerii.ee\/en\/wp-json\/wp\/v2\/portfolio"}],"about":[{"href":"https:\/\/alleegalerii.ee\/en\/wp-json\/wp\/v2\/types\/portfolio"}],"replies":[{"embeddable":true,"href":"https:\/\/alleegalerii.ee\/en\/wp-json\/wp\/v2\/comments?post=14046"}],"wp:featuredmedia":[{"embeddable":true,"href":"https:\/\/alleegalerii.ee\/en\/wp-json\/wp\/v2\/media\/14139"}],"wp:attachment":[{"href":"https:\/\/alleegalerii.ee\/en\/wp-json\/wp\/v2\/media?parent=14046"}],"wp:term":[{"taxonomy":"project-cat","embeddable":true,"href":"https:\/\/alleegalerii.ee\/en\/wp-json\/wp\/v2\/project-cat?post=14046"}],"curies":[{"name":"wp","href":"https:\/\/api.w.org\/{rel}","templated":true}]}}