{"id":1357,"date":"2020-10-06T14:38:58","date_gmt":"2020-10-06T11:38:58","guid":{"rendered":"https:\/\/alleegalerii.ee\/?post_type=portfolio&#038;p=1357"},"modified":"2021-12-01T16:27:03","modified_gmt":"2021-12-01T14:27:03","slug":"viktor-leskin-pirita-klooster-sugisel","status":"publish","type":"portfolio","link":"https:\/\/alleegalerii.ee\/en\/art-auctions\/viktor-leskin-pirita-klooster-sugisel\/","title":{"rendered":"Viktor Le\u0161kin &#8220;Pirita klooster s\u00fcgisel&#8221; 1975. 49,8 x 70,2"},"content":{"rendered":"<div class=\"wpb-content-wrapper\"><p>[vc_row equal_height=&#8221;yes&#8221; mobile_bg_img_hidden=&#8221;no&#8221; tablet_bg_img_hidden=&#8221;no&#8221; woodmart_parallax=&#8221;0&#8243; woodmart_gradient_switch=&#8221;no&#8221; row_reverse_mobile=&#8221;0&#8243; row_reverse_tablet=&#8221;0&#8243; woodmart_disable_overflow=&#8221;0&#8243;][vc_column width=&#8221;2\/3&#8243;][vc_single_image image=&#8221;1360&#8243; img_size=&#8221;full&#8221; parallax_scroll=&#8221;no&#8221;][vc_single_image image=&#8221;1361&#8243; img_size=&#8221;full&#8221; parallax_scroll=&#8221;no&#8221;][vc_single_image image=&#8221;1363&#8243; img_size=&#8221;full&#8221; parallax_scroll=&#8221;no&#8221;][\/vc_column][vc_column width=&#8221;1\/3&#8243; mobile_bg_img_hidden=&#8221;no&#8221; tablet_bg_img_hidden=&#8221;no&#8221; woodmart_parallax=&#8221;0&#8243; woodmart_sticky_column=&#8221;true&#8221; parallax_scroll=&#8221;no&#8221; mobile_reset_margin=&#8221;no&#8221; tablet_reset_margin=&#8221;no&#8221;][vc_column_text text_larger=&#8221;yes&#8221; css=&#8221;.vc_custom_1601983627001{margin-bottom: 0px !important;}&#8221;]<\/p>\n<h2 style=\"font-size: 35px;\">Viktor Le\u0161kin \u201cPirita klooster s\u00fcgisel\u201d<\/h2>\n<p>[\/vc_column_text][vc_custom_heading text=&#8221;S\u00dcGISOKSJON 2020<\/p>\n<p>\u00d5li papil, 1975.&#8221; font_container=&#8221;tag:h5|text_align:left&#8221; use_theme_fonts=&#8221;yes&#8221;][vc_column_text text_larger=&#8221;no&#8221;][\/vc_column_text][vc_column_text text_larger=&#8221;no&#8221;]<\/p>\n<table>\n<tbody>\n<tr>\n<th>M\u00f5\u00f5dud<\/th>\n<td style=\"text-align: right;\">\u00a049,2\u00a0 x\u00a0 70,2 cm<\/td>\n<\/tr>\n<tr>\n<th>Alghind<\/th>\n<td style=\"text-align: right;\">1700\u00a0 EUR<\/td>\n<\/tr>\n<\/tbody>\n<\/table>\n<p>[\/vc_column_text][vc_column_text text_larger=&#8221;no&#8221;]<\/p>\n<table>\n<tbody>\n<tr>\n<th style=\"text-align: left;\">Pakkumisi<\/th>\n<td style=\"text-align: right;\">\u00a01<\/td>\n<\/tr>\n<tr>\n<th>Haamrihind<\/th>\n<td style=\"text-align: right;\">1700\u00a0 EUR<\/td>\n<\/tr>\n<\/tbody>\n<\/table>\n<p>[\/vc_column_text][vc_column_text text_larger=&#8221;no&#8221;]<span style=\"font-weight: 400;\">Viktor Le\u0161kin oli seto-vene p\u00e4ritolu kunstnik, kes l\u00f5petanud lausa kolm erinevat Tallinna kunstikooli. Seel\u00e4bi esindab ta mingil m\u00e4\u00e4ral Tallinna maalikoolkonda, teisalt avaldub tema maastikumaalides vene realistlik-impressionistliku vaba\u00f5humaali m\u00f5ju. Le\u0161kin armastas Eestimaad ning \u00f5ppis omal k\u00e4el selgeks nii selle keele kui kultuuri. Olles 38 aastat ERKI \u00f5ppej\u00f5ud, kasvatas ta \u00fcles mitmeid p\u00f5lvkondi Eesti kunstnikke.<\/span><\/p>\n<p><span style=\"font-weight: 400;\">Le\u0161kin vajas maalimiseks vahetut kontakti natuuriga, selles loodusega suhtlemise vahetuses ongi tema maastike v\u00f5lu. Pirita klooster ise sai 1975. palju t\u00e4helepanu, eelk\u00f5ige, kuna sel aastal hakati seal uuesti l\u00e4bi viima arheoloogilisi uurimust\u00f6id. Kunstnikku on antud t\u00f6\u00f6 juures aga lisaks kloostrile endale paelunud s\u00fcgise kuldsed toonid ning taevas oma tuules lendlevate pilvedega.<\/span>[\/vc_column_text][\/vc_column][\/vc_row]<\/p>\n<\/div>","protected":false},"excerpt":{"rendered":"<p>[vc_row equal_height=&#8221;yes&#8221; mobile_bg_img_hidden=&#8221;no&#8221; tablet_bg_img_hidden=&#8221;no&#8221; woodmart_parallax=&#8221;0&#8243; woodmart_gradient_switch=&#8221;no&#8221; row_reverse_mobile=&#8221;0&#8243; row_reverse_tablet=&#8221;0&#8243; woodmart_disable_overflow=&#8221;0&#8243;][vc_column width=&#8221;2\/3&#8243;][vc_single_image image=&#8221;1360&#8243; img_size=&#8221;full&#8221; parallax_scroll=&#8221;no&#8221;][vc_single_image image=&#8221;1361&#8243; img_size=&#8221;full&#8221; parallax_scroll=&#8221;no&#8221;][vc_single_image image=&#8221;1363&#8243; img_size=&#8221;full&#8221; parallax_scroll=&#8221;no&#8221;][\/vc_column][vc_column width=&#8221;1\/3&#8243;<\/p>\n","protected":false},"featured_media":1360,"menu_order":2140,"comment_status":"closed","ping_status":"closed","template":"","project-cat":[66],"class_list":["post-1357","portfolio","type-portfolio","status-publish","has-post-thumbnail","hentry","project-cat-sugisoksjon-2020"],"acf":[],"_links":{"self":[{"href":"https:\/\/alleegalerii.ee\/en\/wp-json\/wp\/v2\/portfolio\/1357","targetHints":{"allow":["GET"]}}],"collection":[{"href":"https:\/\/alleegalerii.ee\/en\/wp-json\/wp\/v2\/portfolio"}],"about":[{"href":"https:\/\/alleegalerii.ee\/en\/wp-json\/wp\/v2\/types\/portfolio"}],"replies":[{"embeddable":true,"href":"https:\/\/alleegalerii.ee\/en\/wp-json\/wp\/v2\/comments?post=1357"}],"wp:featuredmedia":[{"embeddable":true,"href":"https:\/\/alleegalerii.ee\/en\/wp-json\/wp\/v2\/media\/1360"}],"wp:attachment":[{"href":"https:\/\/alleegalerii.ee\/en\/wp-json\/wp\/v2\/media?parent=1357"}],"wp:term":[{"taxonomy":"project-cat","embeddable":true,"href":"https:\/\/alleegalerii.ee\/en\/wp-json\/wp\/v2\/project-cat?post=1357"}],"curies":[{"name":"wp","href":"https:\/\/api.w.org\/{rel}","templated":true}]}}