{"id":13256,"date":"2023-10-20T23:19:06","date_gmt":"2023-10-20T20:19:06","guid":{"rendered":"https:\/\/alleegalerii.ee\/?post_type=portfolio&#038;p=13256"},"modified":"2026-02-06T16:54:24","modified_gmt":"2026-02-06T14:54:24","slug":"marju-mutsu-lumi-1976-plm-459-x-40-cm","status":"publish","type":"portfolio","link":"https:\/\/alleegalerii.ee\/en\/art-auctions\/marju-mutsu-lumi-1976-plm-459-x-40-cm\/","title":{"rendered":"Marju Mutsu &#8220;Lumi&#8221;, 1976. Plm 45,9 x 40 cm."},"content":{"rendered":"<div class=\"wpb-content-wrapper\"><p>[vc_row equal_height=&#8221;yes&#8221; mobile_bg_img_hidden=&#8221;no&#8221; tablet_bg_img_hidden=&#8221;no&#8221; woodmart_parallax=&#8221;0&#8243; woodmart_gradient_switch=&#8221;no&#8221; row_reverse_mobile=&#8221;0&#8243; row_reverse_tablet=&#8221;0&#8243; woodmart_disable_overflow=&#8221;0&#8243;][vc_column width=&#8221;2\/3&#8243;][vc_single_image image=&#8221;13257&#8243; img_size=&#8221;full&#8221; woodmart_inline=&#8221;no&#8221; parallax_scroll=&#8221;no&#8221;][vc_single_image image=&#8221;13258&#8243; img_size=&#8221;full&#8221; woodmart_inline=&#8221;no&#8221; parallax_scroll=&#8221;no&#8221;][vc_single_image image=&#8221;13259&#8243; img_size=&#8221;full&#8221; woodmart_inline=&#8221;no&#8221; parallax_scroll=&#8221;no&#8221;][vc_single_image image=&#8221;13260&#8243; img_size=&#8221;full&#8221; woodmart_inline=&#8221;no&#8221; parallax_scroll=&#8221;no&#8221;][vc_single_image image=&#8221;13261&#8243; img_size=&#8221;full&#8221; woodmart_inline=&#8221;no&#8221; parallax_scroll=&#8221;no&#8221;][\/vc_column][vc_column width=&#8221;1\/3&#8243; mobile_bg_img_hidden=&#8221;no&#8221; tablet_bg_img_hidden=&#8221;no&#8221; woodmart_parallax=&#8221;0&#8243; woodmart_sticky_column=&#8221;true&#8221; parallax_scroll=&#8221;no&#8221; mobile_reset_margin=&#8221;no&#8221; tablet_reset_margin=&#8221;no&#8221;][vc_column_text text_larger=&#8221;yes&#8221; css=&#8221;.vc_custom_1697807325396{margin-bottom: 0px !important;}&#8221; woodmart_inline=&#8221;no&#8221;]<\/p>\n<h2 style=\"font-size: 35px;\">Marju Mutsu &#8220;Lumi&#8221;<\/h2>\n<p>[\/vc_column_text][vc_custom_heading text=&#8221;S\u00dcGISOKSJON 2023<\/p>\n<p>Ofort paberil. 1976.<br \/>\nAll vasakul: &#8220;Lumi&#8220;, ofort<br \/>\nAll paremal: M Mutsu \u00b476&#8243; font_container=&#8221;tag:h5|text_align:left&#8221; use_theme_fonts=&#8221;yes&#8221;][vc_column_text text_larger=&#8221;no&#8221;][\/vc_column_text][vc_column_text text_larger=&#8221;no&#8221; woodmart_inline=&#8221;no&#8221;]<\/p>\n<table>\n<tbody>\n<tr>\n<th>M\u00f5\u00f5dud<\/th>\n<td style=\"text-align: right;\">Plm 45,9 x 40 cm<\/td>\n<\/tr>\n<tr>\n<th>Alghind<\/th>\n<td style=\"text-align: right;\">\u00a0 2400 EUR<\/td>\n<\/tr>\n<\/tbody>\n<\/table>\n<p>[\/vc_column_text][vc_column_text text_larger=&#8221;no&#8221; woodmart_inline=&#8221;no&#8221;]<\/p>\n<table>\n<tbody>\n<tr>\n<th style=\"text-align: left;\">Pakkumisi<\/th>\n<td style=\"text-align: right;\">21<\/td>\n<\/tr>\n<tr>\n<th>Haamrihind<\/th>\n<td style=\"text-align: right;\">7600 EUR<\/td>\n<\/tr>\n<\/tbody>\n<\/table>\n<p>[\/vc_column_text][vc_column_text text_larger=&#8221;no&#8221; woodmart_inline=&#8221;no&#8221;]<span style=\"font-weight: 400;\">\u201eKas on see siis enesepettus, et lund sajab maha,\u00a0<\/span><\/p>\n<p><span style=\"font-weight: 400;\">ja mulle p\u00e4he, ja s\u00fcdame \u00fcmber;<\/span><\/p>\n<p><span style=\"font-weight: 400;\">Lumi, valge vesi, pese mind j\u00e4lle puhtaks.\u201c<\/span><\/p>\n<p><span style=\"font-weight: 400;\">Nii m\u00f5tiskleb oma luuleridades valgest veest eesti legendaarne naisgraafik, varalahkunud Marju Mutsu. Stilistiliselt \u00fcks Mutsu parimaid teoseid, s\u00fcrrealistlik kompositsioon \u201eLumi\u201c on \u00fchtaegu dramaatiline, \u00f5rn ja habras. Tohutut lumepall, mida tundliku joonega kujutatud pealtn\u00e4gijad justkui k\u00f5ige igap\u00e4evasemat asja v\u00f5tavad, moodustavad sellega orgaaniliselt v\u00f5luva ansambli.<\/span><\/p>\n<p><span style=\"font-weight: 400;\"> Siinjuures katsetas Mutsu teosest kaht eri versiooni, millest Eesti Kunstimuuseumi kollektsiooni kuuluval variandil on lumepalli \u00e4ra peitunud keegi kodanik, kellest n\u00e4ha vaid v\u00e4lja ulatuvad jalad. \u00d5rn ja karge talvine kompositsioon loob helge meeleolu \u2013 just sellise, nagu \u00fcks hinge puhastav teos seda tegema peakski.<\/span>[\/vc_column_text][\/vc_column][\/vc_row]<\/p>\n<\/div>","protected":false},"excerpt":{"rendered":"<p>[vc_row equal_height=&#8221;yes&#8221; mobile_bg_img_hidden=&#8221;no&#8221; tablet_bg_img_hidden=&#8221;no&#8221; woodmart_parallax=&#8221;0&#8243; woodmart_gradient_switch=&#8221;no&#8221; row_reverse_mobile=&#8221;0&#8243; row_reverse_tablet=&#8221;0&#8243; woodmart_disable_overflow=&#8221;0&#8243;][vc_column width=&#8221;2\/3&#8243;][vc_single_image image=&#8221;13257&#8243; img_size=&#8221;full&#8221; woodmart_inline=&#8221;no&#8221; parallax_scroll=&#8221;no&#8221;][vc_single_image image=&#8221;13258&#8243; img_size=&#8221;full&#8221; woodmart_inline=&#8221;no&#8221; parallax_scroll=&#8221;no&#8221;][vc_single_image image=&#8221;13259&#8243; img_size=&#8221;full&#8221;<\/p>\n","protected":false},"featured_media":13262,"menu_order":1179,"comment_status":"closed","ping_status":"closed","template":"","project-cat":[98],"class_list":["post-13256","portfolio","type-portfolio","status-publish","has-post-thumbnail","hentry","project-cat-sugisoksjon-2023"],"acf":[],"_links":{"self":[{"href":"https:\/\/alleegalerii.ee\/en\/wp-json\/wp\/v2\/portfolio\/13256","targetHints":{"allow":["GET"]}}],"collection":[{"href":"https:\/\/alleegalerii.ee\/en\/wp-json\/wp\/v2\/portfolio"}],"about":[{"href":"https:\/\/alleegalerii.ee\/en\/wp-json\/wp\/v2\/types\/portfolio"}],"replies":[{"embeddable":true,"href":"https:\/\/alleegalerii.ee\/en\/wp-json\/wp\/v2\/comments?post=13256"}],"wp:featuredmedia":[{"embeddable":true,"href":"https:\/\/alleegalerii.ee\/en\/wp-json\/wp\/v2\/media\/13262"}],"wp:attachment":[{"href":"https:\/\/alleegalerii.ee\/en\/wp-json\/wp\/v2\/media?parent=13256"}],"wp:term":[{"taxonomy":"project-cat","embeddable":true,"href":"https:\/\/alleegalerii.ee\/en\/wp-json\/wp\/v2\/project-cat?post=13256"}],"curies":[{"name":"wp","href":"https:\/\/api.w.org\/{rel}","templated":true}]}}