{"id":11288,"date":"2023-03-16T00:34:24","date_gmt":"2023-03-15T22:34:24","guid":{"rendered":"https:\/\/alleegalerii.ee\/?post_type=portfolio&#038;p=11288"},"modified":"2023-04-08T20:30:35","modified_gmt":"2023-04-08T17:30:35","slug":"elmar-leppik-louna-eesti-maastik-1947-63-x-102-cm","status":"publish","type":"portfolio","link":"https:\/\/alleegalerii.ee\/en\/art-auctions\/elmar-leppik-louna-eesti-maastik-1947-63-x-102-cm\/","title":{"rendered":"Elmar Leppik &#8220;L\u00f5una-Eesti j\u00e4rvemaastik&#8221;, 1947. 63 x 102 cm."},"content":{"rendered":"<div class=\"wpb-content-wrapper\"><p>[vc_row equal_height=&#8221;yes&#8221; mobile_bg_img_hidden=&#8221;no&#8221; tablet_bg_img_hidden=&#8221;no&#8221; woodmart_parallax=&#8221;0&#8243; woodmart_gradient_switch=&#8221;no&#8221; row_reverse_mobile=&#8221;0&#8243; row_reverse_tablet=&#8221;0&#8243; woodmart_disable_overflow=&#8221;0&#8243;][vc_column width=&#8221;2\/3&#8243;][vc_single_image image=&#8221;11458&#8243; img_size=&#8221;full&#8221; woodmart_inline=&#8221;no&#8221; parallax_scroll=&#8221;no&#8221;][vc_single_image image=&#8221;11459&#8243; img_size=&#8221;full&#8221; woodmart_inline=&#8221;no&#8221; parallax_scroll=&#8221;no&#8221;][vc_single_image image=&#8221;11455&#8243; img_size=&#8221;full&#8221; woodmart_inline=&#8221;no&#8221; parallax_scroll=&#8221;no&#8221;][vc_single_image image=&#8221;11454&#8243; img_size=&#8221;full&#8221; woodmart_inline=&#8221;no&#8221; parallax_scroll=&#8221;no&#8221;][vc_single_image image=&#8221;11453&#8243; img_size=&#8221;full&#8221; woodmart_inline=&#8221;no&#8221; parallax_scroll=&#8221;no&#8221;][vc_single_image image=&#8221;11452&#8243; img_size=&#8221;full&#8221; woodmart_inline=&#8221;no&#8221; parallax_scroll=&#8221;no&#8221;][vc_single_image image=&#8221;11456&#8243; img_size=&#8221;full&#8221; woodmart_inline=&#8221;no&#8221; parallax_scroll=&#8221;no&#8221;][\/vc_column][vc_column width=&#8221;1\/3&#8243; mobile_bg_img_hidden=&#8221;no&#8221; tablet_bg_img_hidden=&#8221;no&#8221; woodmart_parallax=&#8221;0&#8243; woodmart_sticky_column=&#8221;true&#8221; parallax_scroll=&#8221;no&#8221; mobile_reset_margin=&#8221;no&#8221; tablet_reset_margin=&#8221;no&#8221;][vc_column_text text_larger=&#8221;yes&#8221; css=&#8221;.vc_custom_1680084674235{margin-bottom: 0px !important;}&#8221; woodmart_inline=&#8221;no&#8221;]<\/p>\n<h2 style=\"font-size: 35px;\">Elmar Leppik &#8220;L\u00f5una-Eesti j\u00e4rvemaastik&#8221;<\/h2>\n<p>[\/vc_column_text][vc_custom_heading text=&#8221;KEVADOKSJON 2023<\/p>\n<p>\u00d5li l\u00f5uendil. 1947.<br \/>\nAll paremal: E. Leppik-47.&#8221; font_container=&#8221;tag:h5|text_align:left&#8221; use_theme_fonts=&#8221;yes&#8221;][vc_column_text text_larger=&#8221;no&#8221;][\/vc_column_text][vc_column_text text_larger=&#8221;no&#8221; woodmart_inline=&#8221;no&#8221;]<\/p>\n<table>\n<tbody>\n<tr>\n<th>M\u00f5\u00f5dud<\/th>\n<td style=\"text-align: right;\">63 x 102 cm<\/td>\n<\/tr>\n<tr>\n<th>Alghind<\/th>\n<td style=\"text-align: right;\">\u00a0 3800 EUR<\/td>\n<\/tr>\n<\/tbody>\n<\/table>\n<p>[\/vc_column_text][vc_column_text text_larger=&#8221;no&#8221; woodmart_inline=&#8221;no&#8221;]<\/p>\n<table>\n<tbody>\n<tr>\n<th>Pakkumisi<\/th>\n<td style=\"text-align: right;\">1<\/td>\n<\/tr>\n<tr>\n<th>Haamrihind<\/th>\n<td style=\"text-align: right;\">\u00a0 3800 EUR<\/td>\n<\/tr>\n<\/tbody>\n<\/table>\n<p>[\/vc_column_text][vc_column_text text_larger=&#8221;no&#8221; woodmart_inline=&#8221;no&#8221;]<span style=\"font-weight: 400;\">Aleksander Vardi k\u00e4e all Pallase l\u00f5petanud Elmar Leppik (1904-1949) armastas oma maastikuvaateis kasutada kas hallikas-pruuni v\u00f5i rohekat koloriiti. Peamiselt L\u00f5una-Eestis maalinud mehe\u00a0<\/span><\/p>\n<p><span style=\"font-weight: 400;\">Pallase kooli esindav impressionistlik teos \u201cL\u00f5una-Eesti j\u00e4rvemaastik\u201d kannab endas Maarjamaa looduse v\u00e4gevust selle otsesemas m\u00f5ttes. Sillerdavad j\u00e4rvesilmad, tihedad muinaslaaned ja \u00fcles-alla kulgevad m\u00e4esiilud &#8211; see k\u00f5ik v\u00f5lus Leppikut ikka ja j\u00e4lle loomereise tegema. Kui sageli leiame Leppiku maastikuvaadetest hallikat pajuvitsatooni ning tumedaid vihmapilvi, siis siin on kunstnik leidnud t\u00f5eliselt positiivse v\u00e4ljundi. Ta on toonud teosele s\u00e4rava rohelise ja selged, vatitupse meenutavad pallaslikud pilved, mil meenuvad Kristjan Jaak Petersoni helisevad s\u00f5nad: \u201cKas siis selle maa keel laulu tuules ei v\u00f5i taevani t\u00f5ustes \u00fcles igavikku omale otsida?\u201d<\/span>[\/vc_column_text][\/vc_column][\/vc_row]<\/p>\n<\/div>","protected":false},"excerpt":{"rendered":"<p>[vc_row equal_height=&#8221;yes&#8221; mobile_bg_img_hidden=&#8221;no&#8221; tablet_bg_img_hidden=&#8221;no&#8221; woodmart_parallax=&#8221;0&#8243; woodmart_gradient_switch=&#8221;no&#8221; row_reverse_mobile=&#8221;0&#8243; row_reverse_tablet=&#8221;0&#8243; woodmart_disable_overflow=&#8221;0&#8243;][vc_column width=&#8221;2\/3&#8243;][vc_single_image image=&#8221;11458&#8243; img_size=&#8221;full&#8221; woodmart_inline=&#8221;no&#8221; parallax_scroll=&#8221;no&#8221;][vc_single_image image=&#8221;11459&#8243; img_size=&#8221;full&#8221; woodmart_inline=&#8221;no&#8221; parallax_scroll=&#8221;no&#8221;][vc_single_image image=&#8221;11455&#8243; img_size=&#8221;full&#8221;<\/p>\n","protected":false},"featured_media":11459,"menu_order":1429,"comment_status":"closed","ping_status":"closed","template":"","project-cat":[94],"class_list":["post-11288","portfolio","type-portfolio","status-publish","has-post-thumbnail","hentry","project-cat-kevadoksjon-2023"],"acf":[],"_links":{"self":[{"href":"https:\/\/alleegalerii.ee\/en\/wp-json\/wp\/v2\/portfolio\/11288","targetHints":{"allow":["GET"]}}],"collection":[{"href":"https:\/\/alleegalerii.ee\/en\/wp-json\/wp\/v2\/portfolio"}],"about":[{"href":"https:\/\/alleegalerii.ee\/en\/wp-json\/wp\/v2\/types\/portfolio"}],"replies":[{"embeddable":true,"href":"https:\/\/alleegalerii.ee\/en\/wp-json\/wp\/v2\/comments?post=11288"}],"wp:featuredmedia":[{"embeddable":true,"href":"https:\/\/alleegalerii.ee\/en\/wp-json\/wp\/v2\/media\/11459"}],"wp:attachment":[{"href":"https:\/\/alleegalerii.ee\/en\/wp-json\/wp\/v2\/media?parent=11288"}],"wp:term":[{"taxonomy":"project-cat","embeddable":true,"href":"https:\/\/alleegalerii.ee\/en\/wp-json\/wp\/v2\/project-cat?post=11288"}],"curies":[{"name":"wp","href":"https:\/\/api.w.org\/{rel}","templated":true}]}}